{"id":17458,"date":"2025-08-25T17:01:19","date_gmt":"2025-08-25T15:01:19","guid":{"rendered":"https:\/\/orthopus.com\/?page_id=17458"},"modified":"2025-09-02T17:25:39","modified_gmt":"2025-09-02T15:25:39","slug":"aidant-formation-aidant-familial","status":"publish","type":"page","link":"https:\/\/orthopus.com\/fr\/aidant\/aidant-formation-aidant-familial\/","title":{"rendered":"Formation Aidant Familial : comprendre, choisir et se former"},"content":{"rendered":"\t\t<div data-elementor-type=\"wp-page\" data-elementor-id=\"17458\" class=\"elementor elementor-17458\" data-elementor-post-type=\"page\">\n\t\t\t\t<div class=\"elementor-element elementor-element-80ec5d6 e-flex e-con-boxed e-con e-parent\" data-id=\"80ec5d6\" data-element_type=\"container\" data-e-type=\"container\" data-settings=\"{&quot;jet_parallax_layout_list&quot;:[]}\">\n\t\t\t\t\t<div class=\"e-con-inner\">\n\t\t\t\t<div class=\"elementor-element elementor-element-791f7f6 elementor-widget elementor-widget-heading\" data-id=\"791f7f6\" data-element_type=\"widget\" data-e-type=\"widget\" data-widget_type=\"heading.default\">\n\t\t\t\t<div class=\"elementor-widget-container\">\n\t\t\t\t\t<h1 class=\"elementor-heading-title elementor-size-default\">Formation aidant familial : comprendre, choisir et b\u00e9n\u00e9ficier d\u2019un accompagnement adapt\u00e9<\/h1>\t\t\t\t<\/div>\n\t\t\t\t<\/div>\n\t\t\t\t\t<\/div>\n\t\t\t\t<\/div>\n\t\t<div class=\"elementor-element elementor-element-e9f3098 e-flex e-con-boxed e-con e-parent\" data-id=\"e9f3098\" data-element_type=\"container\" data-e-type=\"container\" data-settings=\"{&quot;jet_parallax_layout_list&quot;:[]}\">\n\t\t\t\t\t<div class=\"e-con-inner\">\n\t\t\t\t<div class=\"elementor-element elementor-element-647b067 elementor-widget elementor-widget-heading\" data-id=\"647b067\" data-element_type=\"widget\" data-e-type=\"widget\" data-widget_type=\"heading.default\">\n\t\t\t\t<div class=\"elementor-widget-container\">\n\t\t\t\t\t<h2 class=\"elementor-heading-title elementor-size-default\">D\u00e9finir le r\u00f4le d\u2019aidant familial et les enjeux d\u2019une formation adapt\u00e9e<\/h2>\t\t\t\t<\/div>\n\t\t\t\t<\/div>\n\t\t\t\t\t<\/div>\n\t\t\t\t<\/div>\n\t\t<div class=\"elementor-element elementor-element-86bf8c6 e-flex e-con-boxed e-con e-parent\" data-id=\"86bf8c6\" data-element_type=\"container\" data-e-type=\"container\" data-settings=\"{&quot;jet_parallax_layout_list&quot;:[]}\">\n\t\t\t\t\t<div class=\"e-con-inner\">\n\t\t\t\t<div class=\"elementor-element elementor-element-3da44f3 elementor-widget elementor-widget-text-editor\" data-id=\"3da44f3\" data-element_type=\"widget\" data-e-type=\"widget\" data-widget_type=\"text-editor.default\">\n\t\t\t\t<div class=\"elementor-widget-container\">\n\t\t\t\t\t\t\t\t\tSi vous \u00eates d\u00e9j\u00e0 pass\u00e9 \u00e0 Paris, dans le quartier de Montmartre, vous avez s\u00fbrement aper\u00e7u la fameuse statue unique en son genre qu\u2019est celle du Passe-Muraille. \t\t\t\t\t\t\t\t<\/div>\n\t\t\t\t<\/div>\n\t\t\t\t\t<\/div>\n\t\t\t\t<\/div>\n\t\t<div class=\"elementor-element elementor-element-6d56fcb e-con-full e-flex e-con e-parent\" data-id=\"6d56fcb\" data-element_type=\"container\" data-e-type=\"container\" data-settings=\"{&quot;jet_parallax_layout_list&quot;:[]}\">\n\t\t\t\t<div class=\"elementor-element elementor-element-743038a elementor-widget elementor-widget-image\" data-id=\"743038a\" data-element_type=\"widget\" data-e-type=\"widget\" data-widget_type=\"image.default\">\n\t\t\t\t<div class=\"elementor-widget-container\">\n\t\t\t\t\t\t\t\t\t\t\t\t\t\t\t<img fetchpriority=\"high\" decoding=\"async\" width=\"1000\" height=\"667\" src=\"https:\/\/orthopus.com\/wp-content\/uploads\/2025\/08\/IMG-250716-Le-Passe-Muraille.webp\" class=\"attachment-full size-full wp-image-17460\" alt=\"Photo d&#039;une statue qui repr\u00e9sente un homme qui sort d&#039;un mur. Pr\u00e9sente dans le quartier de Montmartre \u00e0 Paris.\" srcset=\"https:\/\/orthopus.com\/wp-content\/uploads\/2025\/08\/IMG-250716-Le-Passe-Muraille.webp 1000w, https:\/\/orthopus.com\/wp-content\/uploads\/2025\/08\/IMG-250716-Le-Passe-Muraille-300x200.webp 300w, https:\/\/orthopus.com\/wp-content\/uploads\/2025\/08\/IMG-250716-Le-Passe-Muraille-768x512.webp 768w, https:\/\/orthopus.com\/wp-content\/uploads\/2025\/08\/IMG-250716-Le-Passe-Muraille-600x400.webp 600w, https:\/\/orthopus.com\/wp-content\/uploads\/2025\/08\/IMG-250716-Le-Passe-Muraille-200x133.webp 200w\" sizes=\"(max-width: 1000px) 100vw, 1000px\" \/>\t\t\t\t\t\t\t\t\t\t\t\t\t\t\t<\/div>\n\t\t\t\t<\/div>\n\t\t\t\t<\/div>\n\t\t<div class=\"elementor-element elementor-element-147abe4 e-flex e-con-boxed e-con e-parent\" data-id=\"147abe4\" data-element_type=\"container\" data-e-type=\"container\" data-settings=\"{&quot;jet_parallax_layout_list&quot;:[]}\">\n\t\t\t\t\t<div class=\"e-con-inner\">\n\t\t\t\t<div class=\"elementor-element elementor-element-19e9e8d elementor-widget elementor-widget-text-editor\" data-id=\"19e9e8d\" data-element_type=\"widget\" data-e-type=\"widget\" data-widget_type=\"text-editor.default\">\n\t\t\t\t<div class=\"elementor-widget-container\">\n\t\t\t\t\t\t\t\t\t<p><em>Statue du Passe-Muraille, place Marcel Aym\u00e9, 75018 Paris. <\/em><\/p>\t\t\t\t\t\t\t\t<\/div>\n\t\t\t\t<\/div>\n\t\t\t\t\t<\/div>\n\t\t\t\t<\/div>\n\t\t<div class=\"elementor-element elementor-element-f4b9b18 e-flex e-con-boxed e-con e-parent\" data-id=\"f4b9b18\" data-element_type=\"container\" data-e-type=\"container\" data-settings=\"{&quot;jet_parallax_layout_list&quot;:[]}\">\n\t\t\t\t\t<div class=\"e-con-inner\">\n\t\t\t\t<div class=\"elementor-element elementor-element-7840dbb elementor-widget elementor-widget-text-editor\" data-id=\"7840dbb\" data-element_type=\"widget\" data-e-type=\"widget\" data-widget_type=\"text-editor.default\">\n\t\t\t\t<div class=\"elementor-widget-container\">\n\t\t\t\t\t\t\t\t\t<p data-block-id=\"d1228939-7a42-40f9-9334-b4a5a5186b8b\" data-pm-slice=\"1 1 []\">Hommage singulier \u00e0 l\u2019\u0153uvre de Marcel Aym\u00e9 : Le Passe-Muraille, paru en 1943. La statue rend tangible la nouvelle fantastique mettant en sc\u00e8ne monsieur Dutilleul. Ce dernier pouvait traverser les murs \u00e0 sa guise et ainsi cumuler plusieurs vies sans restriction. Puis vient un jour fatidique o\u00f9 son don le quitte en plein milieu de la travers\u00e9e d&#8217;un mur, immortalis\u00e9 par l\u2019\u0153uvre ci-haut. Dans ce m\u00eame recueil de nouvelles, on trouve \u00e9galement celle des Sabines. Sabine est une femme poss\u00e9dant le don d&#8217;ubiquit\u00e9 et qui cumule elle aussi plusieurs trains de vie. Ces deux personnages semblent ir\u00e9els, presques magiques. Pourtant, ils incarnent \u00e0 leur mani\u00e8re une r\u00e9alit\u00e9 bien plus proche de nous qu&#8217;il n&#8217;y para\u00eet. Ils nous parlent de charge mentale, de d\u00e9doublement de l\u2019existence, de ces vies multiples qu\u2019on m\u00e8ne parfois dans l\u2019ombre. C&#8217;est justement le quotidien de nombreux aidants familiaux. Des femmes et des hommes qui, sans don surnaturel mais avec une force souvent invisible, jonglent entre travail, famille, soins, formation aidant familial, d\u00e9marches administratives et pr\u00e9sence constante aupr\u00e8s d\u2019un\u2022e proche en situation de d\u00e9pendance.<\/p><p data-block-id=\"d89c4f77-cb1b-404c-8469-7d52158516f8\">Mais les <a href=\"https:\/\/www.aidants.fr\/fonds-documentaire\/dossiers-thematiques\/reconnaissance\/#:~:text=Les%20aidants%2C%20un%20sujet%20qui,d'aidants%20dans%20notre%20pays%20!\" target=\"_blank\" rel=\"noopener noreferrer nofollow\"><strong>8,3 millions d\u2019aidant\u2022es recens\u00e9s en France<\/strong><\/a> ne sont pas comme monsieur Dutilleul ou les Sabines. Ils n&#8217;ont ni le luxe de dispara\u00eetre dans les murs, ni celui de se multiplier \u00e0 volont\u00e9. Pourtant, chaque jour, ils franchissent des fronti\u00e8res invisibles : celles de la <a href=\"https:\/\/orthopus.com\/fr\/aidant\/amenagement-temps-de-travail-aidant-familial\/\">fatigue<\/a>, du temps, de leurs propres limites, pour soutenir ceux qu\u2019ils aiment.<\/p>\t\t\t\t\t\t\t\t<\/div>\n\t\t\t\t<\/div>\n\t\t\t\t\t<\/div>\n\t\t\t\t<\/div>\n\t\t\t\t<section class=\"elementor-section elementor-top-section elementor-element elementor-element-2290f61 elementor-section-boxed elementor-section-height-default elementor-section-height-default\" data-id=\"2290f61\" data-element_type=\"section\" data-e-type=\"section\" data-settings=\"{&quot;jet_parallax_layout_list&quot;:[],&quot;background_background&quot;:&quot;classic&quot;}\">\n\t\t\t\t\t\t<div class=\"elementor-container elementor-column-gap-default\">\n\t\t\t\t\t<div class=\"elementor-column elementor-col-50 elementor-top-column elementor-element elementor-element-d8db569\" data-id=\"d8db569\" data-element_type=\"column\" data-e-type=\"column\">\n\t\t\t<div class=\"elementor-widget-wrap elementor-element-populated\">\n\t\t\t\t\t\t<div class=\"elementor-element elementor-element-4ce2516 elementor-widget elementor-widget-text-editor\" data-id=\"4ce2516\" data-element_type=\"widget\" data-e-type=\"widget\" data-widget_type=\"text-editor.default\">\n\t\t\t\t<div class=\"elementor-widget-container\">\n\t\t\t\t\t\t\t\t\t<p><br \/>\ud83d\udc19<\/p>\t\t\t\t\t\t\t\t<\/div>\n\t\t\t\t<\/div>\n\t\t\t\t\t<\/div>\n\t\t<\/div>\n\t\t\t\t<div class=\"elementor-column elementor-col-50 elementor-top-column elementor-element elementor-element-f4dda2c\" data-id=\"f4dda2c\" data-element_type=\"column\" data-e-type=\"column\">\n\t\t\t<div class=\"elementor-widget-wrap elementor-element-populated\">\n\t\t\t\t\t\t<div class=\"elementor-element elementor-element-7b2fdb8 elementor-widget elementor-widget-text-editor\" data-id=\"7b2fdb8\" data-element_type=\"widget\" data-e-type=\"widget\" data-widget_type=\"text-editor.default\">\n\t\t\t\t<div class=\"elementor-widget-container\">\n\t\t\t\t\t\t\t\t\t<p><strong>Le vocab\u2019 du poulpe : aidant familial, k\u00e9zako ?<br \/><br \/><\/strong><\/p><p><strong>Un aidant familial<\/strong> est une personne non professionnelle qui apporte de mani\u00e8re r\u00e9guli\u00e8re et significative une aide \u00e0 un proche en situation de d\u00e9pendance.<br \/><br \/><strong>Cette aide peut concerner :<\/strong><\/p><ul><li>un parent \u00e2g\u00e9 en perte d&#8217;autonomie,<\/li><li>un enfant en situation de handicap,<\/li><li>un\u2022e proche vivant avec une maladie chronique ou d\u2019un trouble mental,<\/li><li>ou encore une personne en convalescence ou avec un handicap temporaire ou permanent.<\/li><\/ul><p>L\u2019aide fournie peut \u00eatre d\u2019ordre physique (toilette, d\u00e9placements), logistique (courses, rendez-vous m\u00e9dicaux), administratif ou encore \u00e9motionnel.<\/p><p><br \/>Si vous avez d\u00e9j\u00e0 entendu les termes \u201cproches aidants\u201d ou \u201caidants naturels\u201d, ils d\u00e9signent la m\u00eame attribution qu\u2019aidant familial. De nos jours il n\u2019y a pas de diff\u00e9rence juridique, ce sont simplement des variantes d\u2019une m\u00eame signification.<\/p>\t\t\t\t\t\t\t\t<\/div>\n\t\t\t\t<\/div>\n\t\t\t\t\t<\/div>\n\t\t<\/div>\n\t\t\t\t\t<\/div>\n\t\t<\/section>\n\t\t<div class=\"elementor-element elementor-element-d91e6be e-con-full e-flex e-con e-parent\" data-id=\"d91e6be\" data-element_type=\"container\" data-e-type=\"container\" data-settings=\"{&quot;jet_parallax_layout_list&quot;:[]}\">\n\t\t\t\t<div class=\"elementor-element elementor-element-d404a7e elementor-widget elementor-widget-image\" data-id=\"d404a7e\" data-element_type=\"widget\" data-e-type=\"widget\" data-widget_type=\"image.default\">\n\t\t\t\t<div class=\"elementor-widget-container\">\n\t\t\t\t\t\t\t\t\t\t\t\t\t\t\t<img decoding=\"async\" width=\"800\" height=\"432\" src=\"https:\/\/orthopus.com\/wp-content\/uploads\/2025\/07\/proche-aidant.jpg\" class=\"attachment-full size-full wp-image-17055\" alt=\"14,8% des personnes sont des proches aidants 9,3 millions de proches aidants 8,8 millions d&#039;adultes (16,8%) et 0,5 million de mineurs \u00e2g\u00e9s de 5 ans ou plus (4,8%) soutien moral aide \u00e0 la vie quotidienne aide financi\u00e8re\" srcset=\"https:\/\/orthopus.com\/wp-content\/uploads\/2025\/07\/proche-aidant.jpg 800w, https:\/\/orthopus.com\/wp-content\/uploads\/2025\/07\/proche-aidant-300x162.jpg 300w, https:\/\/orthopus.com\/wp-content\/uploads\/2025\/07\/proche-aidant-768x415.jpg 768w, https:\/\/orthopus.com\/wp-content\/uploads\/2025\/07\/proche-aidant-600x324.jpg 600w, https:\/\/orthopus.com\/wp-content\/uploads\/2025\/07\/proche-aidant-200x108.jpg 200w\" sizes=\"(max-width: 800px) 100vw, 800px\" \/>\t\t\t\t\t\t\t\t\t\t\t\t\t\t\t<\/div>\n\t\t\t\t<\/div>\n\t\t\t\t<\/div>\n\t\t<div class=\"elementor-element elementor-element-0438654 e-flex e-con-boxed e-con e-parent\" data-id=\"0438654\" data-element_type=\"container\" data-e-type=\"container\" data-settings=\"{&quot;jet_parallax_layout_list&quot;:[]}\">\n\t\t\t\t\t<div class=\"e-con-inner\">\n\t\t\t\t<div class=\"elementor-element elementor-element-befce78 elementor-widget elementor-widget-spacer\" data-id=\"befce78\" data-element_type=\"widget\" data-e-type=\"widget\" data-widget_type=\"spacer.default\">\n\t\t\t\t<div class=\"elementor-widget-container\">\n\t\t\t\t\t\t\t<div class=\"elementor-spacer\">\n\t\t\t<div class=\"elementor-spacer-inner\"><\/div>\n\t\t<\/div>\n\t\t\t\t\t\t<\/div>\n\t\t\t\t<\/div>\n\t\t\t\t\t<\/div>\n\t\t\t\t<\/div>\n\t\t<div class=\"elementor-element elementor-element-9b8944a e-flex e-con-boxed e-con e-parent\" data-id=\"9b8944a\" data-element_type=\"container\" data-e-type=\"container\" data-settings=\"{&quot;jet_parallax_layout_list&quot;:[]}\">\n\t\t\t\t\t<div class=\"e-con-inner\">\n\t\t\t\t<div class=\"elementor-element elementor-element-fb44664 elementor-widget elementor-widget-heading\" data-id=\"fb44664\" data-element_type=\"widget\" data-e-type=\"widget\" data-widget_type=\"heading.default\">\n\t\t\t\t<div class=\"elementor-widget-container\">\n\t\t\t\t\t<h2 class=\"elementor-heading-title elementor-size-default\">Pourquoi suivre une formation en tant qu\u2019aidant familial ?<\/h2>\t\t\t\t<\/div>\n\t\t\t\t<\/div>\n\t\t\t\t\t<\/div>\n\t\t\t\t<\/div>\n\t\t<div class=\"elementor-element elementor-element-aa42dbe e-flex e-con-boxed e-con e-parent\" data-id=\"aa42dbe\" data-element_type=\"container\" data-e-type=\"container\" data-settings=\"{&quot;jet_parallax_layout_list&quot;:[]}\">\n\t\t\t\t\t<div class=\"e-con-inner\">\n\t\t\t\t<div class=\"elementor-element elementor-element-0ad86ff elementor-widget elementor-widget-text-editor\" data-id=\"0ad86ff\" data-element_type=\"widget\" data-e-type=\"widget\" data-widget_type=\"text-editor.default\">\n\t\t\t\t<div class=\"elementor-widget-container\">\n\t\t\t\t\t\t\t\t\t<p>\u00catre aidant familial \u00e7a ne s\u2019improvise pas, ce n\u2019est pas un soutien ponctuel que l\u2019on apporte \u00e0 une personne. C\u2019est un engagement souvent sur une longue p\u00e9riode, parfois sans pr\u00e9paration, pour aider un\u2022e proche en perte d\u2019autonomie, malade, handicap\u00e9\u2022e ou bien encore \u00e2g\u00e9\u2022e. Face \u00e0 cette responsabilit\u00e9, beaucoup d\u2019aidant\u2022es ressentent souvent le besoin de se former pour mieux comprendre, mieux agir et surtout mieux vivre leur r\u00f4le. L\u2019objectif principal est d\u2019apprendre les bons gestes mais aussi de pr\u00e9server sa sant\u00e9 mentale tout en s\u2019occupant de la personne d\u00e9pendante. Se former, c\u2019est aussi un moment pour rencontrer d\u2019autres personnes, surtout quand on a peu de temps libre. Ces temps d\u2019apprentissage sont riches en \u00e9changes, ce qui peut faire du bien dans un quotidien souvent difficile.<\/p><p>Ces formations aidant familial leur permettent de monter en comp\u00e9tences et non pas de se \u201cprofessionnaliser\u201d. Ils acqui\u00e8rent des connaissances pratiques et gagnent en confiance dans leur quotidien. Le stress est diminu\u00e9 et la sant\u00e9 mentale pr\u00e9serv\u00e9e !<\/p>\t\t\t\t\t\t\t\t<\/div>\n\t\t\t\t<\/div>\n\t\t\t\t\t<\/div>\n\t\t\t\t<\/div>\n\t\t\t\t<section class=\"elementor-section elementor-top-section elementor-element elementor-element-1d8e98e elementor-section-boxed elementor-section-height-default elementor-section-height-default\" data-id=\"1d8e98e\" data-element_type=\"section\" data-e-type=\"section\" data-settings=\"{&quot;jet_parallax_layout_list&quot;:[],&quot;background_background&quot;:&quot;classic&quot;}\">\n\t\t\t\t\t\t<div class=\"elementor-container elementor-column-gap-default\">\n\t\t\t\t\t<div class=\"elementor-column elementor-col-50 elementor-top-column elementor-element elementor-element-95f630f\" data-id=\"95f630f\" data-element_type=\"column\" data-e-type=\"column\">\n\t\t\t<div class=\"elementor-widget-wrap elementor-element-populated\">\n\t\t\t\t\t\t<div class=\"elementor-element elementor-element-1bc88f2 elementor-widget elementor-widget-text-editor\" data-id=\"1bc88f2\" data-element_type=\"widget\" data-e-type=\"widget\" data-widget_type=\"text-editor.default\">\n\t\t\t\t<div class=\"elementor-widget-container\">\n\t\t\t\t\t\t\t\t\t<p><br \/>\ud83d\udc19<\/p>\t\t\t\t\t\t\t\t<\/div>\n\t\t\t\t<\/div>\n\t\t\t\t\t<\/div>\n\t\t<\/div>\n\t\t\t\t<div class=\"elementor-column elementor-col-50 elementor-top-column elementor-element elementor-element-65e1ddd\" data-id=\"65e1ddd\" data-element_type=\"column\" data-e-type=\"column\">\n\t\t\t<div class=\"elementor-widget-wrap elementor-element-populated\">\n\t\t\t\t\t\t<div class=\"elementor-element elementor-element-e396ef3 elementor-widget elementor-widget-text-editor\" data-id=\"e396ef3\" data-element_type=\"widget\" data-e-type=\"widget\" data-widget_type=\"text-editor.default\">\n\t\t\t\t<div class=\"elementor-widget-container\">\n\t\t\t\t\t\t\t\t\t<p><strong>Le coup de pouce du poulpe : quelques liens utiles :\u00a0<br \/><br \/><\/strong><\/p><ul><li>Vid\u00e9o teaser des formations aidant familial : <a href=\"https:\/\/youtu.be\/bFE7a33FWLM\">https:\/\/youtu.be\/bFE7a33FWLM<\/a><\/li><li>Test d\u2019autodiagnostic sur la situation d\u2019aidant : <a href=\"https:\/\/jaidejemevalue.fr\/\">https:\/\/jaidejemevalue.fr\/<\/a><\/li><\/ul>\t\t\t\t\t\t\t\t<\/div>\n\t\t\t\t<\/div>\n\t\t\t\t\t<\/div>\n\t\t<\/div>\n\t\t\t\t\t<\/div>\n\t\t<\/section>\n\t\t<div class=\"elementor-element elementor-element-95a5af2 e-flex e-con-boxed e-con e-parent\" data-id=\"95a5af2\" data-element_type=\"container\" data-e-type=\"container\" data-settings=\"{&quot;jet_parallax_layout_list&quot;:[]}\">\n\t\t\t\t\t<div class=\"e-con-inner\">\n\t\t\t\t<div class=\"elementor-element elementor-element-5d9418b elementor-widget elementor-widget-spacer\" data-id=\"5d9418b\" data-element_type=\"widget\" data-e-type=\"widget\" data-widget_type=\"spacer.default\">\n\t\t\t\t<div class=\"elementor-widget-container\">\n\t\t\t\t\t\t\t<div class=\"elementor-spacer\">\n\t\t\t<div class=\"elementor-spacer-inner\"><\/div>\n\t\t<\/div>\n\t\t\t\t\t\t<\/div>\n\t\t\t\t<\/div>\n\t\t\t\t\t<\/div>\n\t\t\t\t<\/div>\n\t\t<div class=\"elementor-element elementor-element-ed7d47f e-flex e-con-boxed e-con e-parent\" data-id=\"ed7d47f\" data-element_type=\"container\" data-e-type=\"container\" data-settings=\"{&quot;jet_parallax_layout_list&quot;:[]}\">\n\t\t\t\t\t<div class=\"e-con-inner\">\n\t\t\t\t<div class=\"elementor-element elementor-element-ad05dd5 elementor-widget elementor-widget-heading\" data-id=\"ad05dd5\" data-element_type=\"widget\" data-e-type=\"widget\" data-widget_type=\"heading.default\">\n\t\t\t\t<div class=\"elementor-widget-container\">\n\t\t\t\t\t<h2 class=\"elementor-heading-title elementor-size-default\">Comment se d\u00e9roule une formation d\u2019aidant familial ? Modalit\u00e9s et organisation<\/h2>\t\t\t\t<\/div>\n\t\t\t\t<\/div>\n\t\t\t\t\t<\/div>\n\t\t\t\t<\/div>\n\t\t<div class=\"elementor-element elementor-element-02fcf8d e-flex e-con-boxed e-con e-parent\" data-id=\"02fcf8d\" data-element_type=\"container\" data-e-type=\"container\" data-settings=\"{&quot;jet_parallax_layout_list&quot;:[]}\">\n\t\t\t\t\t<div class=\"e-con-inner\">\n\t\t\t\t<div class=\"elementor-element elementor-element-6a15506 elementor-widget elementor-widget-text-editor\" data-id=\"6a15506\" data-element_type=\"widget\" data-e-type=\"widget\" data-widget_type=\"text-editor.default\">\n\t\t\t\t<div class=\"elementor-widget-container\">\n\t\t\t\t\t\t\t\t\t<p>Lorsqu\u2019un\u2022e aidant\u2022e prend la d\u00e9cision de se former, il ou elle peut choisir un module pr\u00e9cis : <strong>g\u00e9n\u00e9rique ou sp\u00e9cialis\u00e9<\/strong>.<\/p><ul><li><strong>G\u00e9n\u00e9rique :<\/strong> pour tous les aidant\u2022es, quelle que soit la pathologie de la personne accompagn\u00e9e.<\/li><li><strong>Sp\u00e9cialis\u00e9 :<\/strong> selon les pathologies (<a href=\"https:\/\/www.pasteur.fr\/fr\/centre-medical\/fiches-maladies\/alzheimer-maladie\">Alzheimer<\/a>, <a href=\"https:\/\/www.inserm.fr\/dossier\/accident-vasculaire-cerebral-avc\/\">Accident vasculaire c\u00e9r\u00e9bral<\/a>, cancer, troubles psychiques, etc.)<\/li><\/ul><p>Les formations se veulent au plus pratique avec des temps courts d\u2019environ 20 minutes en plusieurs sessions. Par ailleurs, ils sont possiblement accessibles \u00e0 tout moment depuis chez soi.<\/p><p>Le format en pr\u00e9sentiel s\u2019organise en atelier de groupe avec une r\u00e9partition sur plusieurs jours ou semaines. Ces modalit\u00e9s flexibles permettent \u00e0 chacun\u2022e de s\u2019informer, s\u2019il ou elle le souhaite, sur diff\u00e9rents sujets li\u00e9s au r\u00f4le d\u2019aidant\u2022e.<\/p><p>Encadr\u00e9s par le <a href=\"https:\/\/www.legifrance.gouv.fr\/codes\/texte_lc\/LEGITEXT000006072665\/\">Code de la sant\u00e9 publique<\/a> dans plusieurs textes, notamment le droit \u00e0 l\u2019information de l\u2019aidant, <a href=\"https:\/\/orthopus.com\/fr\/aidant\/halte-repit\/\">le droit au r\u00e9pit<\/a> et le soutien \u00e0 la pr\u00e9vention des risques li\u00e9s \u00e0 <a href=\"https:\/\/orthopus.com\/fr\/aidant\/amenagement-temps-de-travail-aidant-familial\/\">l\u2019\u00e9puisement<\/a> ; ces formations aidant familial peuvent s\u2019effectuer \u00e0 travers diverses structures telles que :<\/p><ul><li>Des associations sp\u00e9cialis\u00e9es comme l\u2019<a href=\"https:\/\/www.aidants.fr\/\">Association fran\u00e7aise des aidants<\/a> ou le <a href=\"https:\/\/cif-aidants.com\/\">CIF-Aidants<\/a><\/li><li>Des Centres communaux d\u2019action sociale (CCAS)<\/li><li>Des <a href=\"https:\/\/www.monparcourshandicap.gouv.fr\/aides\/la-maison-departementale-des-personnes-handicapees-mdph-missions-et-fonctionnement\">Maisons d\u00e9partementales des personnes handicap\u00e9es (MDPH)<\/a><\/li><li>Des \u00e9tablissements de sant\u00e9 ou des h\u00f4pitaux<\/li><\/ul><p>L\u2019acc\u00e8s est tr\u00e8s souvent gratuit, <a href=\"https:\/\/orthopus.com\/fr\/aides-financieres\/aides-financieres-handicap\/\">financ\u00e9 par des dispositifs publics<\/a> ou des partenaires associatifs. Dans la plupart des cas, une simple inscription en ligne ou par t\u00e9l\u00e9phone suffit, sans conditions de ressources ou de statut.<\/p>\t\t\t\t\t\t\t\t<\/div>\n\t\t\t\t<\/div>\n\t\t\t\t\t<\/div>\n\t\t\t\t<\/div>\n\t\t<div class=\"elementor-element elementor-element-36094c6 e-flex e-con-boxed e-con e-parent\" data-id=\"36094c6\" data-element_type=\"container\" data-e-type=\"container\" data-settings=\"{&quot;jet_parallax_layout_list&quot;:[]}\">\n\t\t\t\t\t<div class=\"e-con-inner\">\n\t\t\t\t<div class=\"elementor-element elementor-element-60d77c7 elementor-widget elementor-widget-spacer\" data-id=\"60d77c7\" data-element_type=\"widget\" data-e-type=\"widget\" data-widget_type=\"spacer.default\">\n\t\t\t\t<div class=\"elementor-widget-container\">\n\t\t\t\t\t\t\t<div class=\"elementor-spacer\">\n\t\t\t<div class=\"elementor-spacer-inner\"><\/div>\n\t\t<\/div>\n\t\t\t\t\t\t<\/div>\n\t\t\t\t<\/div>\n\t\t\t\t\t<\/div>\n\t\t\t\t<\/div>\n\t\t<div class=\"elementor-element elementor-element-14549c8 e-flex e-con-boxed e-con e-parent\" data-id=\"14549c8\" data-element_type=\"container\" data-e-type=\"container\" data-settings=\"{&quot;jet_parallax_layout_list&quot;:[]}\">\n\t\t\t\t\t<div class=\"e-con-inner\">\n\t\t\t\t<div class=\"elementor-element elementor-element-40b9471 elementor-widget elementor-widget-heading\" data-id=\"40b9471\" data-element_type=\"widget\" data-e-type=\"widget\" data-widget_type=\"heading.default\">\n\t\t\t\t<div class=\"elementor-widget-container\">\n\t\t\t\t\t<h2 class=\"elementor-heading-title elementor-size-default\">Combien co\u00fbte une formation pour aidant familial ? Tarifs, prises en charge et aides disponibles<\/h2>\t\t\t\t<\/div>\n\t\t\t\t<\/div>\n\t\t\t\t\t<\/div>\n\t\t\t\t<\/div>\n\t\t<div class=\"elementor-element elementor-element-348d531 e-flex e-con-boxed e-con e-parent\" data-id=\"348d531\" data-element_type=\"container\" data-e-type=\"container\" data-settings=\"{&quot;jet_parallax_layout_list&quot;:[]}\">\n\t\t\t\t\t<div class=\"e-con-inner\">\n\t\t\t\t<div class=\"elementor-element elementor-element-04d174c elementor-widget elementor-widget-heading\" data-id=\"04d174c\" data-element_type=\"widget\" data-e-type=\"widget\" data-widget_type=\"heading.default\">\n\t\t\t\t<div class=\"elementor-widget-container\">\n\t\t\t\t\t<h3 class=\"elementor-heading-title elementor-size-default\">Formations gratuites : le cas le plus fr\u00e9quent<\/h3>\t\t\t\t<\/div>\n\t\t\t\t<\/div>\n\t\t\t\t\t<\/div>\n\t\t\t\t<\/div>\n\t\t<div class=\"elementor-element elementor-element-ae97c0f e-flex e-con-boxed e-con e-parent\" data-id=\"ae97c0f\" data-element_type=\"container\" data-e-type=\"container\" data-settings=\"{&quot;jet_parallax_layout_list&quot;:[]}\">\n\t\t\t\t\t<div class=\"e-con-inner\">\n\t\t\t\t<div class=\"elementor-element elementor-element-ac5277b elementor-widget elementor-widget-text-editor\" data-id=\"ac5277b\" data-element_type=\"widget\" data-e-type=\"widget\" data-widget_type=\"text-editor.default\">\n\t\t\t\t<div class=\"elementor-widget-container\">\n\t\t\t\t\t\t\t\t\t<p>Si vous \u00eates convaincu\u2022e de vous former, bonne nouvelle : la majorit\u00e9 des formations sont gratuites gr\u00e2ce \u00e0 des financements publics et associatifs tels que :<\/p><ul><li>Des organismes publics (<a href=\"https:\/\/www.cnsa.fr\/\">CNSA<\/a>, <a href=\"https:\/\/www.ars.sante.fr\/\">ARS<\/a>, collectivit\u00e9s locales, <a href=\"https:\/\/mdphenligne.cnsa.fr\/\">MDPH<\/a>),<\/li><li>Des fondations ou associations comme la <a href=\"https:\/\/www.fondation-april.org\/fr\/\">Fondation April<\/a>, l\u2019<a href=\"https:\/\/www.aidants.fr\/\">Association Fran\u00e7aise des Aidants<\/a>, <a href=\"https:\/\/www.francealzheimer.org\/\">France Alzheimer<\/a>, etc.<\/li><\/ul><p>Ces formations, souvent g\u00e9n\u00e9ralistes mais parfois cibl\u00e9es par pathologie, sont con\u00e7ues pour aborder \u00e0 la fois la relation aidant-aid\u00e9, les gestes du quotidien, la communication, et surtout, la pr\u00e9servation de l\u2019\u00e9quilibre personnel.<\/p>\t\t\t\t\t\t\t\t<\/div>\n\t\t\t\t<\/div>\n\t\t\t\t\t<\/div>\n\t\t\t\t<\/div>\n\t\t<div class=\"elementor-element elementor-element-0ba4eb8 e-flex e-con-boxed e-con e-parent\" data-id=\"0ba4eb8\" data-element_type=\"container\" data-e-type=\"container\" data-settings=\"{&quot;jet_parallax_layout_list&quot;:[]}\">\n\t\t\t\t\t<div class=\"e-con-inner\">\n\t\t\t\t<div class=\"elementor-element elementor-element-1122adf elementor-widget elementor-widget-spacer\" data-id=\"1122adf\" data-element_type=\"widget\" data-e-type=\"widget\" data-widget_type=\"spacer.default\">\n\t\t\t\t<div class=\"elementor-widget-container\">\n\t\t\t\t\t\t\t<div class=\"elementor-spacer\">\n\t\t\t<div class=\"elementor-spacer-inner\"><\/div>\n\t\t<\/div>\n\t\t\t\t\t\t<\/div>\n\t\t\t\t<\/div>\n\t\t\t\t\t<\/div>\n\t\t\t\t<\/div>\n\t\t<div class=\"elementor-element elementor-element-8ece100 e-flex e-con-boxed e-con e-parent\" data-id=\"8ece100\" data-element_type=\"container\" data-e-type=\"container\" data-settings=\"{&quot;jet_parallax_layout_list&quot;:[]}\">\n\t\t\t\t\t<div class=\"e-con-inner\">\n\t\t\t\t<div class=\"elementor-element elementor-element-148d700 elementor-widget elementor-widget-heading\" data-id=\"148d700\" data-element_type=\"widget\" data-e-type=\"widget\" data-widget_type=\"heading.default\">\n\t\t\t\t<div class=\"elementor-widget-container\">\n\t\t\t\t\t<h3 class=\"elementor-heading-title elementor-size-default\">Quelles aides financi\u00e8res existent pour les aidants ?<\/h3>\t\t\t\t<\/div>\n\t\t\t\t<\/div>\n\t\t\t\t\t<\/div>\n\t\t\t\t<\/div>\n\t\t<div class=\"elementor-element elementor-element-49251da e-flex e-con-boxed e-con e-parent\" data-id=\"49251da\" data-element_type=\"container\" data-e-type=\"container\" data-settings=\"{&quot;jet_parallax_layout_list&quot;:[]}\">\n\t\t\t\t\t<div class=\"e-con-inner\">\n\t\t\t\t<div class=\"elementor-element elementor-element-7af70ad elementor-widget elementor-widget-text-editor\" data-id=\"7af70ad\" data-element_type=\"widget\" data-e-type=\"widget\" data-widget_type=\"text-editor.default\">\n\t\t\t\t<div class=\"elementor-widget-container\">\n\t\t\t\t\t\t\t\t\t<p>Les aidants familiaux peuvent b\u00e9n\u00e9ficier de plusieurs <a href=\"https:\/\/orthopus.com\/fr\/aides-financieres\/aides-financieres-handicap\/\">financements<\/a> ou de compensations pour faciliter leur acc\u00e8s \u00e0 la formation. Ces aides se r\u00e9partissent en quatre cat\u00e9gories :<\/p>\t\t\t\t\t\t\t\t<\/div>\n\t\t\t\t<\/div>\n\t\t\t\t\t<\/div>\n\t\t\t\t<\/div>\n\t\t\t\t<section class=\"elementor-section elementor-top-section elementor-element elementor-element-83c639c elementor-section-boxed elementor-section-height-default elementor-section-height-default\" data-id=\"83c639c\" data-element_type=\"section\" data-e-type=\"section\" data-settings=\"{&quot;jet_parallax_layout_list&quot;:[]}\">\n\t\t\t\t\t\t<div class=\"elementor-container elementor-column-gap-default\">\n\t\t\t\t\t<div class=\"elementor-column elementor-col-100 elementor-top-column elementor-element elementor-element-c4b6254\" data-id=\"c4b6254\" data-element_type=\"column\" data-e-type=\"column\">\n\t\t\t<div class=\"elementor-widget-wrap elementor-element-populated\">\n\t\t\t\t\t\t<div class=\"elementor-element elementor-element-cdd9171 elementor-widget elementor-widget-accordion\" data-id=\"cdd9171\" data-element_type=\"widget\" data-e-type=\"widget\" data-widget_type=\"accordion.default\">\n\t\t\t\t<div class=\"elementor-widget-container\">\n\t\t\t\t\t\t\t<div class=\"elementor-accordion\">\n\t\t\t\t\t\t\t<div class=\"elementor-accordion-item\">\n\t\t\t\t\t<div id=\"elementor-tab-title-2151\" class=\"elementor-tab-title\" data-tab=\"1\" role=\"button\" aria-controls=\"elementor-tab-content-2151\" aria-expanded=\"false\">\n\t\t\t\t\t\t\t\t\t\t\t\t\t<span class=\"elementor-accordion-icon elementor-accordion-icon-right\" aria-hidden=\"true\">\n\t\t\t\t\t\t\t\t\t\t\t\t\t\t\t<span class=\"elementor-accordion-icon-closed\"><i class=\"fas fa-plus\"><\/i><\/span>\n\t\t\t\t\t\t\t\t<span class=\"elementor-accordion-icon-opened\"><i class=\"fas fa-minus\"><\/i><\/span>\n\t\t\t\t\t\t\t\t\t\t\t\t\t\t<\/span>\n\t\t\t\t\t\t\t\t\t\t\t\t<a class=\"elementor-accordion-title\" tabindex=\"0\">Financements publics et associatifs<\/a>\n\t\t\t\t\t<\/div>\n\t\t\t\t\t<div id=\"elementor-tab-content-2151\" class=\"elementor-tab-content elementor-clearfix\" data-tab=\"1\" role=\"region\" aria-labelledby=\"elementor-tab-title-2151\"><ul><li><strong>Subventions publiques :<\/strong><br \/>Certaines formations peuvent \u00eatre totalement ou partiellement financ\u00e9es par l\u2019\u00c9tat, les <a href=\"https:\/\/www.ars.sante.fr\/\">Agences r\u00e9gionales de sant\u00e9<\/a> (ARS) ou les Conseils d\u00e9partementaux, rendant ainsi la formation gratuite pour les aidant\u2022es.<\/li><li><strong>Aides associatives :<\/strong><br \/>Des associations comme <a href=\"https:\/\/www.francealzheimer.org\/\">France Alzheimer<\/a> ou <a href=\"https:\/\/www.apf-francehandicap.org\/\">APF France Handicap<\/a> proposent \u00e9galement des prises en charge financi\u00e8res, en fonction des situations.<\/li><li><strong>Aides sp\u00e9cifiques via les MDPH :<\/strong><br \/>Les <a href=\"https:\/\/mdphenligne.cnsa.fr\/\">Maisons D\u00e9partementales des Personnes Handicap\u00e9es<\/a> (MDPH) peuvent orienter vers des dispositifs sp\u00e9cifiques selon les besoins de l\u2019aidant\u2022e et de la personne aid\u00e9e.<\/li><\/ul><\/div>\n\t\t\t\t<\/div>\n\t\t\t\t\t\t\t<div class=\"elementor-accordion-item\">\n\t\t\t\t\t<div id=\"elementor-tab-title-2152\" class=\"elementor-tab-title\" data-tab=\"2\" role=\"button\" aria-controls=\"elementor-tab-content-2152\" aria-expanded=\"false\">\n\t\t\t\t\t\t\t\t\t\t\t\t\t<span class=\"elementor-accordion-icon elementor-accordion-icon-right\" aria-hidden=\"true\">\n\t\t\t\t\t\t\t\t\t\t\t\t\t\t\t<span class=\"elementor-accordion-icon-closed\"><i class=\"fas fa-plus\"><\/i><\/span>\n\t\t\t\t\t\t\t\t<span class=\"elementor-accordion-icon-opened\"><i class=\"fas fa-minus\"><\/i><\/span>\n\t\t\t\t\t\t\t\t\t\t\t\t\t\t<\/span>\n\t\t\t\t\t\t\t\t\t\t\t\t<a class=\"elementor-accordion-title\" tabindex=\"0\">Le droit au r\u00e9pit<\/a>\n\t\t\t\t\t<\/div>\n\t\t\t\t\t<div id=\"elementor-tab-content-2152\" class=\"elementor-tab-content elementor-clearfix\" data-tab=\"2\" role=\"region\" aria-labelledby=\"elementor-tab-title-2152\"><ul><li>Le <a href=\"https:\/\/orthopus.com\/fr\/aidant\/halte-repit\/\">droit au r\u00e9pit<\/a> (<a href=\"https:\/\/www.monparcourshandicap.gouv.fr\/aidant\/les-solutions-de-repit-pour-les-aidants\">loi ASV<\/a>) permet aux aidant\u2022es de b\u00e9n\u00e9ficier d\u2019un financement pour l\u2019accueil temporaire de leur proche, \u00e0 domicile ou en \u00e9tablissement, pendant leur formation.<\/li><li>Une majoration pour accueillir un\u2022e proche dans une solution de r\u00e9pit est disponible via l\u2019APA (<a href=\"https:\/\/www.service-public.fr\/particuliers\/vosdroits\/F10009\">Aide personnalis\u00e9e d\u2019autonomie<\/a>) &#8211; vers\u00e9e par le Conseil d\u00e9partemental. Le plafond annuel de cette majoration s\u2019\u00e9l\u00e8ve \u00e0 <a href=\"https:\/\/www.pour-les-personnes-agees.gouv.fr\/solutions-pour-les-aidants\/soutien-financier\/l-aide-au-repit-dans-le-cadre-de-l-apa\">573.77\u20ac<\/a> en 2025 (variable selon les d\u00e9partements).<\/li><li>D\u00e9marches \u00e0 effectuer via la <a href=\"https:\/\/mdphenligne.cnsa.fr\/\">MDPH<\/a> ou le Conseil d\u00e9partemental.<\/li><\/ul><\/div>\n\t\t\t\t<\/div>\n\t\t\t\t\t\t\t<div class=\"elementor-accordion-item\">\n\t\t\t\t\t<div id=\"elementor-tab-title-2153\" class=\"elementor-tab-title\" data-tab=\"3\" role=\"button\" aria-controls=\"elementor-tab-content-2153\" aria-expanded=\"false\">\n\t\t\t\t\t\t\t\t\t\t\t\t\t<span class=\"elementor-accordion-icon elementor-accordion-icon-right\" aria-hidden=\"true\">\n\t\t\t\t\t\t\t\t\t\t\t\t\t\t\t<span class=\"elementor-accordion-icon-closed\"><i class=\"fas fa-plus\"><\/i><\/span>\n\t\t\t\t\t\t\t\t<span class=\"elementor-accordion-icon-opened\"><i class=\"fas fa-minus\"><\/i><\/span>\n\t\t\t\t\t\t\t\t\t\t\t\t\t\t<\/span>\n\t\t\t\t\t\t\t\t\t\t\t\t<a class=\"elementor-accordion-title\" tabindex=\"0\">Aide \u00e0 la garde du proche aid\u00e9 pendant la formation<\/a>\n\t\t\t\t\t<\/div>\n\t\t\t\t\t<div id=\"elementor-tab-content-2153\" class=\"elementor-tab-content elementor-clearfix\" data-tab=\"3\" role=\"region\" aria-labelledby=\"elementor-tab-title-2153\"><p>Certains dispositifs locaux proposent la prise en charge partielle des frais de remplacement de l\u2019aidant\u2022e, notamment lors des formations en pr\u00e9sentiel. Vous pouvez vous renseigner aupr\u00e8s de votre collectivit\u00e9 territoriale ou centre de formation.<\/p><\/div>\n\t\t\t\t<\/div>\n\t\t\t\t\t\t\t<div class=\"elementor-accordion-item\">\n\t\t\t\t\t<div id=\"elementor-tab-title-2154\" class=\"elementor-tab-title\" data-tab=\"4\" role=\"button\" aria-controls=\"elementor-tab-content-2154\" aria-expanded=\"false\">\n\t\t\t\t\t\t\t\t\t\t\t\t\t<span class=\"elementor-accordion-icon elementor-accordion-icon-right\" aria-hidden=\"true\">\n\t\t\t\t\t\t\t\t\t\t\t\t\t\t\t<span class=\"elementor-accordion-icon-closed\"><i class=\"fas fa-plus\"><\/i><\/span>\n\t\t\t\t\t\t\t\t<span class=\"elementor-accordion-icon-opened\"><i class=\"fas fa-minus\"><\/i><\/span>\n\t\t\t\t\t\t\t\t\t\t\t\t\t\t<\/span>\n\t\t\t\t\t\t\t\t\t\t\t\t<a class=\"elementor-accordion-title\" tabindex=\"0\">Aides compl\u00e9mentaires<\/a>\n\t\t\t\t\t<\/div>\n\t\t\t\t\t<div id=\"elementor-tab-content-2154\" class=\"elementor-tab-content elementor-clearfix\" data-tab=\"4\" role=\"region\" aria-labelledby=\"elementor-tab-title-2154\"><ul><li><strong>Mutuelles et ciasses de retraite : <\/strong><br \/>Certaines mutuelles comme <a href=\"https:\/\/www.malakoffhumanis.com\/\">Malakoff Humanis<\/a>, par exemple, proposent des aides d\u00e9di\u00e9es aux aidant\u2022es en formation.<\/li><li><strong>Soutien de l&#8217;employeur\u2022e :<br \/><\/strong>Le <a href=\"https:\/\/www.service-public.fr\/particuliers\/vosdroits\/F34474\">CSE<\/a> ou les ressources humaines de certaines entreprises peuvent financer tout ou partie des frais de formation des salari\u00e9\u2022es aidant\u2022es.<\/li><li><strong>Cr\u00e9dit d\u2019imp\u00f4t &#8220;emploi \u00e0 domicile&#8221; :<br \/><\/strong>Si l\u2019aidant\u2022e fait appel \u00e0 une aide \u00e0 domicile pour s\u2019occuper de son proche durant la formation, une partie des frais peut \u00eatre d\u00e9duite fiscalement.<\/li><\/ul><\/div>\n\t\t\t\t<\/div>\n\t\t\t\t\t\t\t\t<\/div>\n\t\t\t\t\t\t<\/div>\n\t\t\t\t<\/div>\n\t\t\t\t\t<\/div>\n\t\t<\/div>\n\t\t\t\t\t<\/div>\n\t\t<\/section>\n\t\t<div class=\"elementor-element elementor-element-1ce5a50 e-flex e-con-boxed e-con e-parent\" data-id=\"1ce5a50\" data-element_type=\"container\" data-e-type=\"container\" data-settings=\"{&quot;jet_parallax_layout_list&quot;:[]}\">\n\t\t\t\t\t<div class=\"e-con-inner\">\n\t\t\t\t<div class=\"elementor-element elementor-element-848c27d elementor-widget elementor-widget-spacer\" data-id=\"848c27d\" data-element_type=\"widget\" data-e-type=\"widget\" data-widget_type=\"spacer.default\">\n\t\t\t\t<div class=\"elementor-widget-container\">\n\t\t\t\t\t\t\t<div class=\"elementor-spacer\">\n\t\t\t<div class=\"elementor-spacer-inner\"><\/div>\n\t\t<\/div>\n\t\t\t\t\t\t<\/div>\n\t\t\t\t<\/div>\n\t\t\t\t\t<\/div>\n\t\t\t\t<\/div>\n\t\t<div class=\"elementor-element elementor-element-ef5c232 e-flex e-con-boxed e-con e-parent\" data-id=\"ef5c232\" data-element_type=\"container\" data-e-type=\"container\" data-settings=\"{&quot;jet_parallax_layout_list&quot;:[]}\">\n\t\t\t\t\t<div class=\"e-con-inner\">\n\t\t\t\t<div class=\"elementor-element elementor-element-5d0cc4b elementor-widget elementor-widget-heading\" data-id=\"5d0cc4b\" data-element_type=\"widget\" data-e-type=\"widget\" data-widget_type=\"heading.default\">\n\t\t\t\t<div class=\"elementor-widget-container\">\n\t\t\t\t\t<h3 class=\"elementor-heading-title elementor-size-default\">Conseils pratiques pour acc\u00e9der aux aides<\/h3>\t\t\t\t<\/div>\n\t\t\t\t<\/div>\n\t\t\t\t\t<\/div>\n\t\t\t\t<\/div>\n\t\t<div class=\"elementor-element elementor-element-404cdc8 e-flex e-con-boxed e-con e-parent\" data-id=\"404cdc8\" data-element_type=\"container\" data-e-type=\"container\" data-settings=\"{&quot;jet_parallax_layout_list&quot;:[]}\">\n\t\t\t\t\t<div class=\"e-con-inner\">\n\t\t\t\t<div class=\"elementor-element elementor-element-4065a72 elementor-widget elementor-widget-text-editor\" data-id=\"4065a72\" data-element_type=\"widget\" data-e-type=\"widget\" data-widget_type=\"text-editor.default\">\n\t\t\t\t<div class=\"elementor-widget-container\">\n\t\t\t\t\t\t\t\t\t<p>Pour augmenter vos chances d\u2019obtenir un financement, pensez \u00e0 v\u00e9rifier aupr\u00e8s de l\u2019organisme financeur si la formation est payante, \u00e0 vous renseigner sur les aides locales et \u00e0 consulter le <a href=\"https:\/\/www.aidants.fr\/vous-etes-professionnel\/participer-a-une-formation\/catalogue-des-formations\/\">catalogue interactif<\/a> de l\u2019<a href=\"https:\/\/www.aidants.fr\/\">Association fran\u00e7aise des aidants<\/a> pour trouver des formations pr\u00e8s de chez vous.<\/p>\t\t\t\t\t\t\t\t<\/div>\n\t\t\t\t<\/div>\n\t\t\t\t\t<\/div>\n\t\t\t\t<\/div>\n\t\t<div class=\"elementor-element elementor-element-1369040 e-flex e-con-boxed e-con e-parent\" data-id=\"1369040\" data-element_type=\"container\" data-e-type=\"container\" data-settings=\"{&quot;jet_parallax_layout_list&quot;:[]}\">\n\t\t\t\t\t<div class=\"e-con-inner\">\n\t\t\t\t<div class=\"elementor-element elementor-element-8d09504 elementor-widget elementor-widget-spacer\" data-id=\"8d09504\" data-element_type=\"widget\" data-e-type=\"widget\" data-widget_type=\"spacer.default\">\n\t\t\t\t<div class=\"elementor-widget-container\">\n\t\t\t\t\t\t\t<div class=\"elementor-spacer\">\n\t\t\t<div class=\"elementor-spacer-inner\"><\/div>\n\t\t<\/div>\n\t\t\t\t\t\t<\/div>\n\t\t\t\t<\/div>\n\t\t\t\t\t<\/div>\n\t\t\t\t<\/div>\n\t\t<div class=\"elementor-element elementor-element-5bb603d e-flex e-con-boxed e-con e-parent\" data-id=\"5bb603d\" data-element_type=\"container\" data-e-type=\"container\" data-settings=\"{&quot;jet_parallax_layout_list&quot;:[]}\">\n\t\t\t\t\t<div class=\"e-con-inner\">\n\t\t\t\t<div class=\"elementor-element elementor-element-ccaa404 elementor-widget elementor-widget-heading\" data-id=\"ccaa404\" data-element_type=\"widget\" data-e-type=\"widget\" data-widget_type=\"heading.default\">\n\t\t\t\t<div class=\"elementor-widget-container\">\n\t\t\t\t\t<h2 class=\"elementor-heading-title elementor-size-default\">Que contient concr\u00e8tement une formation ? Les principaux modules expliqu\u00e9s<\/h2>\t\t\t\t<\/div>\n\t\t\t\t<\/div>\n\t\t\t\t\t<\/div>\n\t\t\t\t<\/div>\n\t\t<div class=\"elementor-element elementor-element-ed8f318 e-flex e-con-boxed e-con e-parent\" data-id=\"ed8f318\" data-element_type=\"container\" data-e-type=\"container\" data-settings=\"{&quot;jet_parallax_layout_list&quot;:[]}\">\n\t\t\t\t\t<div class=\"e-con-inner\">\n\t\t\t\t<div class=\"elementor-element elementor-element-be393ce elementor-widget elementor-widget-text-editor\" data-id=\"be393ce\" data-element_type=\"widget\" data-e-type=\"widget\" data-widget_type=\"text-editor.default\">\n\t\t\t\t<div class=\"elementor-widget-container\">\n\t\t\t\t\t\t\t\t\t<p>Les formations \u00e0 destination des aidant\u2022es sont con\u00e7ues pour les aiguiller face aux situations du quotidien. Elles suivent g\u00e9n\u00e9ralement des programmes structur\u00e9s en plusieurs modules th\u00e9matiques comme ceux propos\u00e9s par l\u2019<a href=\"https:\/\/formation.aidants.fr\/\">Association fran\u00e7aise des aidants<\/a>, lesquels s\u2019articulent en six axes distincts :<br \/><br \/><\/p><ul><li><strong>Comprendre la maladie ou le handicap :<\/strong> apporte les bases essentielles pour mieux appr\u00e9hender l\u2019\u00e9volution du handicap ou de la maladie, les sympt\u00f4mes au quotidien et les besoins sp\u00e9cifiques de la personne aid\u00e9e.<\/li><li><strong>\u00catre aidant\u2022e, r\u00f4le, posture et limites :<\/strong> interroge la place de l\u2019aidant\u2022e, ses responsabilit\u00e9s, ses limites personnelles et \u00e9motionnelles, ainsi que sa reconnaissance et son droit \u00e0 l&#8217;accompagnement.<\/li><li><strong>Relation au quotidien : <\/strong>explore la communication adapt\u00e9e avec le ou la proche aid\u00e9\u2022e, la gestion des routines quotidiennes, la pr\u00e9vention et la gestion des conflits, etc.<\/li><li><strong>Travailler avec les professionnels :<\/strong> explique comment mieux coop\u00e9rer avec l\u2019\u00e9quipe m\u00e9dico-social en comprenant leurs r\u00f4les, les outils de transmission d\u2019informations, etc.<\/li><li><strong>Gestes du quotidien :<\/strong> aborde les techniques de base pour des soins d\u2019hygi\u00e8ne, la mobilit\u00e9 et les transferts, de m\u00eame que l\u2019aide \u00e0 l\u2019alimentation et \u00e0 l\u2019hydratation.<\/li><li><strong>Pr\u00e9server sa vie personnelle :<\/strong> insiste sur le fait que l\u2019aidant\u2022e ne doit pas s\u2019oublier et essayer de concilier vie professionnelle et aidant familial, tout en pr\u00e9servant sa sant\u00e9 mentale et physique, possible notamment gr\u00e2ce aux temps de r\u00e9pit.<\/li><\/ul>\t\t\t\t\t\t\t\t<\/div>\n\t\t\t\t<\/div>\n\t\t\t\t\t<\/div>\n\t\t\t\t<\/div>\n\t\t\t\t<section class=\"elementor-section elementor-top-section elementor-element elementor-element-7e25c84 elementor-section-boxed elementor-section-height-default elementor-section-height-default\" data-id=\"7e25c84\" data-element_type=\"section\" data-e-type=\"section\" data-settings=\"{&quot;jet_parallax_layout_list&quot;:[],&quot;background_background&quot;:&quot;gradient&quot;}\">\n\t\t\t\t\t\t<div class=\"elementor-container elementor-column-gap-default\">\n\t\t\t\t\t<div class=\"elementor-column elementor-col-100 elementor-top-column elementor-element elementor-element-c620189\" data-id=\"c620189\" data-element_type=\"column\" data-e-type=\"column\">\n\t\t\t<div class=\"elementor-widget-wrap elementor-element-populated\">\n\t\t\t\t\t\t<div class=\"elementor-element elementor-element-ffb6428 elementor-widget elementor-widget-spacer\" data-id=\"ffb6428\" data-element_type=\"widget\" data-e-type=\"widget\" data-widget_type=\"spacer.default\">\n\t\t\t\t<div class=\"elementor-widget-container\">\n\t\t\t\t\t\t\t<div class=\"elementor-spacer\">\n\t\t\t<div class=\"elementor-spacer-inner\"><\/div>\n\t\t<\/div>\n\t\t\t\t\t\t<\/div>\n\t\t\t\t<\/div>\n\t\t\t\t<div class=\"elementor-element elementor-element-172bb05 elementor-widget elementor-widget-text-editor\" data-id=\"172bb05\" data-element_type=\"widget\" data-e-type=\"widget\" data-widget_type=\"text-editor.default\">\n\t\t\t\t<div class=\"elementor-widget-container\">\n\t\t\t\t\t\t\t\t\t<p>Les th\u00e9matiques de modules ci-haut sont toutes disponibles gratuitement sur <a href=\"https:\/\/formation.aidants.fr\/\">https:\/\/formation.aidants.fr\/<\/a>. Si vous souhaitez vous inscrire, il est possible de le faire <a href=\"https:\/\/formation.aidants.fr\/inscription\">ici<\/a>.<\/p>\t\t\t\t\t\t\t\t<\/div>\n\t\t\t\t<\/div>\n\t\t\t\t<div class=\"elementor-element elementor-element-ea84ee0 elementor-widget elementor-widget-spacer\" data-id=\"ea84ee0\" data-element_type=\"widget\" data-e-type=\"widget\" data-widget_type=\"spacer.default\">\n\t\t\t\t<div class=\"elementor-widget-container\">\n\t\t\t\t\t\t\t<div class=\"elementor-spacer\">\n\t\t\t<div class=\"elementor-spacer-inner\"><\/div>\n\t\t<\/div>\n\t\t\t\t\t\t<\/div>\n\t\t\t\t<\/div>\n\t\t\t\t\t<\/div>\n\t\t<\/div>\n\t\t\t\t\t<\/div>\n\t\t<\/section>\n\t\t<div class=\"elementor-element elementor-element-68e23b3 e-flex e-con-boxed e-con e-parent\" data-id=\"68e23b3\" data-element_type=\"container\" data-e-type=\"container\" data-settings=\"{&quot;jet_parallax_layout_list&quot;:[]}\">\n\t\t\t\t\t<div class=\"e-con-inner\">\n\t\t\t\t<div class=\"elementor-element elementor-element-c65df2c elementor-widget elementor-widget-spacer\" data-id=\"c65df2c\" data-element_type=\"widget\" data-e-type=\"widget\" data-widget_type=\"spacer.default\">\n\t\t\t\t<div class=\"elementor-widget-container\">\n\t\t\t\t\t\t\t<div class=\"elementor-spacer\">\n\t\t\t<div class=\"elementor-spacer-inner\"><\/div>\n\t\t<\/div>\n\t\t\t\t\t\t<\/div>\n\t\t\t\t<\/div>\n\t\t\t\t\t<\/div>\n\t\t\t\t<\/div>\n\t\t<div class=\"elementor-element elementor-element-6391d7f e-flex e-con-boxed e-con e-parent\" data-id=\"6391d7f\" data-element_type=\"container\" data-e-type=\"container\" data-settings=\"{&quot;jet_parallax_layout_list&quot;:[]}\">\n\t\t\t\t\t<div class=\"e-con-inner\">\n\t\t\t\t<div class=\"elementor-element elementor-element-c65d9aa elementor-widget elementor-widget-heading\" data-id=\"c65d9aa\" data-element_type=\"widget\" data-e-type=\"widget\" data-widget_type=\"heading.default\">\n\t\t\t\t<div class=\"elementor-widget-container\">\n\t\t\t\t\t<h2 class=\"elementor-heading-title elementor-size-default\">Se former selon la pathologie de son proche : vers des formations plus sp\u00e9cialis\u00e9es<\/h2>\t\t\t\t<\/div>\n\t\t\t\t<\/div>\n\t\t\t\t\t<\/div>\n\t\t\t\t<\/div>\n\t\t<div class=\"elementor-element elementor-element-2a11c75 e-flex e-con-boxed e-con e-parent\" data-id=\"2a11c75\" data-element_type=\"container\" data-e-type=\"container\" data-settings=\"{&quot;jet_parallax_layout_list&quot;:[]}\">\n\t\t\t\t\t<div class=\"e-con-inner\">\n\t\t<div class=\"elementor-element elementor-element-aa56dac e-con-full e-flex e-con e-child\" data-id=\"aa56dac\" data-element_type=\"container\" data-e-type=\"container\" data-settings=\"{&quot;jet_parallax_layout_list&quot;:[]}\">\n\t\t\t\t<div class=\"elementor-element elementor-element-c65a0d9 elementor-widget elementor-widget-image\" data-id=\"c65a0d9\" data-element_type=\"widget\" data-e-type=\"widget\" data-widget_type=\"image.default\">\n\t\t\t\t<div class=\"elementor-widget-container\">\n\t\t\t\t\t\t\t\t\t\t\t\t\t\t\t<img decoding=\"async\" width=\"768\" height=\"1024\" src=\"https:\/\/orthopus.com\/wp-content\/uploads\/2025\/08\/IMG-250717-Installation-Londres-768x1024.webp\" class=\"attachment-large size-large wp-image-17464\" alt=\"\" srcset=\"https:\/\/orthopus.com\/wp-content\/uploads\/2025\/08\/IMG-250717-Installation-Londres-768x1024.webp 768w, https:\/\/orthopus.com\/wp-content\/uploads\/2025\/08\/IMG-250717-Installation-Londres-225x300.webp 225w, https:\/\/orthopus.com\/wp-content\/uploads\/2025\/08\/IMG-250717-Installation-Londres-600x800.webp 600w, https:\/\/orthopus.com\/wp-content\/uploads\/2025\/08\/IMG-250717-Installation-Londres-200x267.webp 200w, https:\/\/orthopus.com\/wp-content\/uploads\/2025\/08\/IMG-250717-Installation-Londres.webp 960w\" sizes=\"(max-width: 768px) 100vw, 768px\" \/>\t\t\t\t\t\t\t\t\t\t\t\t\t\t\t<\/div>\n\t\t\t\t<\/div>\n\t\t\t\t<div class=\"elementor-element elementor-element-a702b89 elementor-widget elementor-widget-text-editor\" data-id=\"a702b89\" data-element_type=\"widget\" data-e-type=\"widget\" data-widget_type=\"text-editor.default\">\n\t\t\t\t<div class=\"elementor-widget-container\">\n\t\t\t\t\t\t\t\t\t<p><em>Installation chez une des b\u00eata-testeuses de l\u2019ORTHOPUS Supporter<\/em><\/p>\t\t\t\t\t\t\t\t<\/div>\n\t\t\t\t<\/div>\n\t\t\t\t<\/div>\n\t\t<div class=\"elementor-element elementor-element-c628cc2 e-con-full e-flex e-con e-child\" data-id=\"c628cc2\" data-element_type=\"container\" data-e-type=\"container\" data-settings=\"{&quot;jet_parallax_layout_list&quot;:[]}\">\n\t\t\t\t<div class=\"elementor-element elementor-element-7893736 elementor-widget elementor-widget-text-editor\" data-id=\"7893736\" data-element_type=\"widget\" data-e-type=\"widget\" data-widget_type=\"text-editor.default\">\n\t\t\t\t<div class=\"elementor-widget-container\">\n\t\t\t\t\t\t\t\t\t<p data-block-id=\"8427064c-cfc6-41b1-a6fd-1151019cd8dc\" data-pm-slice=\"1 1 []\">Les besoins d\u2019un aidant familial varient en fonction de la maladie ou du handicap du proche aid\u00e9. C\u2019est pourquoi il existe des formations adapt\u00e9es \u00e0 certaines pathologies (<a href=\"https:\/\/www.pasteur.fr\/fr\/centre-medical\/fiches-maladies\/alzheimer-maladie\" target=\"_blank\" rel=\"noopener noreferrer nofollow\"><strong>Alzheimer<\/strong><\/a>, <a href=\"https:\/\/www.inserm.fr\/dossier\/parkinson-maladie\/\" target=\"_blank\" rel=\"noopener noreferrer nofollow\"><strong>Parkinson<\/strong><\/a>, autisme, <a href=\"https:\/\/www.inserm.fr\/dossier\/sclerose-en-plaques-sep\/\" target=\"_blank\" rel=\"noopener noreferrer nofollow\"><strong>scl\u00e9rose en plaques<\/strong><\/a>, handicap moteur&#8230;) et qui proposent des contenus cibl\u00e9s et concrets. Elles tiennent compte des sympt\u00f4mes et des comportements associ\u00e9s, tout en passant par les aides techniques. Souvent co anim\u00e9es par des professionnel\u2022les de sant\u00e9, leur objectif est d\u2019apporter des conseils personnalis\u00e9s et des d\u00e9monstrations concr\u00e8tes, le format atelier en pr\u00e9sentiel est d\u2019ailleurs souvent privil\u00e9gi\u00e9 en termes de praticit\u00e9.<\/p><p data-block-id=\"8427064c-cfc6-41b1-a6fd-1151019cd8dc\" data-pm-slice=\"1 1 []\">\u00a0<\/p><p data-block-id=\"ec9e4dc9-3115-48c1-a92d-741c6d87b84f\">Les aides techniques font souvent partie int\u00e9grante de la vie d\u2019une personne aid\u00e9e une fois \u00e9quip\u00e9e. Il est donc essentiel que l\u2019aidant, qu\u2019il soit professionnel ou non, connaisse au mieux le dispositif. Chez ORTHOPUS, lorsque nous \u00e9quipons nous m\u00eame un\u2022e nouvel\u2022le utilisateur\u2022rice, nous prenons le temps de former son aidant\u2022e. Cela fait partie de l\u2019installation. Ces connaissances ajout\u00e9es participent \u00e0 la formation de l\u2019aidant\u2022e et lui permettent bien souvent de mieux comprendre la personne qu\u2019il ou elle assiste au quotidien.<\/p>\t\t\t\t\t\t\t\t<\/div>\n\t\t\t\t<\/div>\n\t\t\t\t<\/div>\n\t\t\t\t\t<\/div>\n\t\t\t\t<\/div>\n\t\t<div class=\"elementor-element elementor-element-d766c3e e-flex e-con-boxed e-con e-parent\" data-id=\"d766c3e\" data-element_type=\"container\" data-e-type=\"container\" data-settings=\"{&quot;jet_parallax_layout_list&quot;:[]}\">\n\t\t\t\t\t<div class=\"e-con-inner\">\n\t\t\t\t<div class=\"elementor-element elementor-element-e1072c0 elementor-widget elementor-widget-spacer\" data-id=\"e1072c0\" data-element_type=\"widget\" data-e-type=\"widget\" data-widget_type=\"spacer.default\">\n\t\t\t\t<div class=\"elementor-widget-container\">\n\t\t\t\t\t\t\t<div class=\"elementor-spacer\">\n\t\t\t<div class=\"elementor-spacer-inner\"><\/div>\n\t\t<\/div>\n\t\t\t\t\t\t<\/div>\n\t\t\t\t<\/div>\n\t\t\t\t\t<\/div>\n\t\t\t\t<\/div>\n\t\t<div class=\"elementor-element elementor-element-4688fa4 e-flex e-con-boxed e-con e-parent\" data-id=\"4688fa4\" data-element_type=\"container\" data-e-type=\"container\" data-settings=\"{&quot;jet_parallax_layout_list&quot;:[]}\">\n\t\t\t\t\t<div class=\"e-con-inner\">\n\t\t\t\t<div class=\"elementor-element elementor-element-6f1f8cd elementor-widget elementor-widget-heading\" data-id=\"6f1f8cd\" data-element_type=\"widget\" data-e-type=\"widget\" data-widget_type=\"heading.default\">\n\t\t\t\t<div class=\"elementor-widget-container\">\n\t\t\t\t\t<h2 class=\"elementor-heading-title elementor-size-default\">\u00c0 qui s\u2019adresser pour se former ? Acteurs, plateformes et accompagnements<\/h2>\t\t\t\t<\/div>\n\t\t\t\t<\/div>\n\t\t\t\t\t<\/div>\n\t\t\t\t<\/div>\n\t\t<div class=\"elementor-element elementor-element-ee677cc e-flex e-con-boxed e-con e-parent\" data-id=\"ee677cc\" data-element_type=\"container\" data-e-type=\"container\" data-settings=\"{&quot;jet_parallax_layout_list&quot;:[]}\">\n\t\t\t\t\t<div class=\"e-con-inner\">\n\t\t\t\t<div class=\"elementor-element elementor-element-a875745 elementor-widget elementor-widget-text-editor\" data-id=\"a875745\" data-element_type=\"widget\" data-e-type=\"widget\" data-widget_type=\"text-editor.default\">\n\t\t\t\t<div class=\"elementor-widget-container\">\n\t\t\t\t\t\t\t\t\t<p>Pour suivre une formation destin\u00e9e aux aidants, plusieurs structures peuvent vous orienter et vous accompagner dans vos d\u00e9marches :<\/p><ul><li>Le catalogue interactif de l\u2019<a href=\"https:\/\/www.aidants.fr\/\">Association fran\u00e7aise des aidants<\/a>. Il est l\u2019outil le plus complet pour rep\u00e9rer des formations pr\u00e8s de chez vous, avec les dates, les formats (pr\u00e9sentiel et en ligne) et les modalit\u00e9s d\u2019inscription.<\/li><li>Les associations locales (<a href=\"https:\/\/www.francealzheimer.org\/\">France Alzheimer<\/a>, <a href=\"https:\/\/www.franceparkinson.fr\/\">France Parkinson<\/a>, <a href=\"https:\/\/unapei.france-assos-sante.org\/\">Unapei<\/a>, etc.). Elles proposent r\u00e9guli\u00e8rement des ateliers ou sessions collectives, parfois en lien avec des professionnels de sant\u00e9.<\/li><li>Les <a href=\"https:\/\/mdphenligne.cnsa.fr\/\">MDPH<\/a> (Maisons D\u00e9partementales des Personnes Handicap\u00e9es). Elles peuvent orienter vers des programmes adapt\u00e9s selon le profil de la personne aid\u00e9e.<\/li><li>Les <a href=\"https:\/\/www.aide-sociale.fr\/clic-personnes-agees\/\">CLIC<\/a> (Centres Locaux d\u2019Information et de Coordination) et les CCAS (Centres Communaux d\u2019Action Sociale). Ils sont aussi des relais d\u2019information utiles au niveau local.<\/li><li>Certains centres hospitaliers ou r\u00e9seaux de sant\u00e9 organisent \u00e9galement des formations ou des rencontres \u00e0 destination des aidants.<\/li><li>Il existe \u00e9galement des des formations dites de \u201cproximit\u00e9\u201d organis\u00e9es par les mairies ou les autorit\u00e9s locales et qui prennent la forme d\u2019ateliers et d\u2019\u00e9changes entre aidant\u2022es.<\/li><\/ul>\t\t\t\t\t\t\t\t<\/div>\n\t\t\t\t<\/div>\n\t\t\t\t\t<\/div>\n\t\t\t\t<\/div>\n\t\t<div class=\"elementor-element elementor-element-7331b5a e-flex e-con-boxed e-con e-parent\" data-id=\"7331b5a\" data-element_type=\"container\" data-e-type=\"container\" data-settings=\"{&quot;jet_parallax_layout_list&quot;:[]}\">\n\t\t\t\t\t<div class=\"e-con-inner\">\n\t\t\t\t<div class=\"elementor-element elementor-element-65a8200 elementor-widget elementor-widget-spacer\" data-id=\"65a8200\" data-element_type=\"widget\" data-e-type=\"widget\" data-widget_type=\"spacer.default\">\n\t\t\t\t<div class=\"elementor-widget-container\">\n\t\t\t\t\t\t\t<div class=\"elementor-spacer\">\n\t\t\t<div class=\"elementor-spacer-inner\"><\/div>\n\t\t<\/div>\n\t\t\t\t\t\t<\/div>\n\t\t\t\t<\/div>\n\t\t\t\t\t<\/div>\n\t\t\t\t<\/div>\n\t\t<div class=\"elementor-element elementor-element-9b067c9 e-flex e-con-boxed e-con e-parent\" data-id=\"9b067c9\" data-element_type=\"container\" data-e-type=\"container\" data-settings=\"{&quot;jet_parallax_layout_list&quot;:[]}\">\n\t\t\t\t\t<div class=\"e-con-inner\">\n\t\t\t\t<div class=\"elementor-element elementor-element-5f7f02c elementor-widget elementor-widget-heading\" data-id=\"5f7f02c\" data-element_type=\"widget\" data-e-type=\"widget\" data-widget_type=\"heading.default\">\n\t\t\t\t<div class=\"elementor-widget-container\">\n\t\t\t\t\t<h2 class=\"elementor-heading-title elementor-size-default\">Les b\u00e9n\u00e9fices concrets d\u2019une formation pour les aidants et leurs proches<\/h2>\t\t\t\t<\/div>\n\t\t\t\t<\/div>\n\t\t\t\t\t<\/div>\n\t\t\t\t<\/div>\n\t\t<div class=\"elementor-element elementor-element-2cf08b0 e-flex e-con-boxed e-con e-parent\" data-id=\"2cf08b0\" data-element_type=\"container\" data-e-type=\"container\" data-settings=\"{&quot;jet_parallax_layout_list&quot;:[]}\">\n\t\t\t\t\t<div class=\"e-con-inner\">\n\t\t\t\t<div class=\"elementor-element elementor-element-0521d70 elementor-widget elementor-widget-text-editor\" data-id=\"0521d70\" data-element_type=\"widget\" data-e-type=\"widget\" data-widget_type=\"text-editor.default\">\n\t\t\t\t<div class=\"elementor-widget-container\">\n\t\t\t\t\t\t\t\t\t<p>Se former en tant qu\u2019aidant\u2022e, c\u2019est bien plus qu\u2019acqu\u00e9rir des connaissances : c\u2019est une d\u00e9marche qui transforme le quotidien, aussi bien pour l\u2019aidant\u2022e que pour la personne accompagn\u00e9e. Cela a des b\u00e9n\u00e9fices imm\u00e9diats et durables, tels que :<br \/><br \/><\/p><ul><li>Moins de stress, plus de s\u00e9r\u00e9nit\u00e9<\/li><li>Relation apais\u00e9e avec le ou la proche aid\u00e9\u2022e<\/li><li>Sentiment d\u2019utilit\u00e9 et de l\u00e9gitimit\u00e9<\/li><li>Pr\u00e9vention de l\u2019\u00e9puisement<\/li><li>Reconnaissance sociale<\/li><\/ul><p><strong>Gr\u00e2ce \u00e0 ces formations, l\u2019aidant ne sens plus d\u00e9pass\u00e9 ou isol\u00e9, mais accompagn\u00e9 et inform\u00e9<\/strong>. Il devient un acteur \u00e9clair\u00e9 du parcours de vie de son proche, capable de prendre soin tout en se pr\u00e9servant elle-m\u00eame.<\/p>\t\t\t\t\t\t\t\t<\/div>\n\t\t\t\t<\/div>\n\t\t\t\t\t<\/div>\n\t\t\t\t<\/div>\n\t\t<div class=\"elementor-element elementor-element-6d97ae0 e-flex e-con-boxed e-con e-parent\" data-id=\"6d97ae0\" data-element_type=\"container\" data-e-type=\"container\" data-settings=\"{&quot;jet_parallax_layout_list&quot;:[]}\">\n\t\t\t\t\t<div class=\"e-con-inner\">\n\t\t\t\t<div class=\"elementor-element elementor-element-56b2aae elementor-widget elementor-widget-spacer\" data-id=\"56b2aae\" data-element_type=\"widget\" data-e-type=\"widget\" data-widget_type=\"spacer.default\">\n\t\t\t\t<div class=\"elementor-widget-container\">\n\t\t\t\t\t\t\t<div class=\"elementor-spacer\">\n\t\t\t<div class=\"elementor-spacer-inner\"><\/div>\n\t\t<\/div>\n\t\t\t\t\t\t<\/div>\n\t\t\t\t<\/div>\n\t\t\t\t\t<\/div>\n\t\t\t\t<\/div>\n\t\t<div class=\"elementor-element elementor-element-bea935a e-flex e-con-boxed e-con e-parent\" data-id=\"bea935a\" data-element_type=\"container\" data-e-type=\"container\" data-settings=\"{&quot;jet_parallax_layout_list&quot;:[]}\">\n\t\t\t\t\t<div class=\"e-con-inner\">\n\t\t\t\t<div class=\"elementor-element elementor-element-fc5358c elementor-widget elementor-widget-heading\" data-id=\"fc5358c\" data-element_type=\"widget\" data-e-type=\"widget\" data-widget_type=\"heading.default\">\n\t\t\t\t<div class=\"elementor-widget-container\">\n\t\t\t\t\t<h2 class=\"elementor-heading-title elementor-size-default\">R\u00e9ponses aux questions fr\u00e9quentes sur la formation des aidants<\/h2>\t\t\t\t<\/div>\n\t\t\t\t<\/div>\n\t\t\t\t\t<\/div>\n\t\t\t\t<\/div>\n\t\t<div class=\"elementor-element elementor-element-8ba5708 e-flex e-con-boxed e-con e-parent\" data-id=\"8ba5708\" data-element_type=\"container\" data-e-type=\"container\" data-settings=\"{&quot;jet_parallax_layout_list&quot;:[]}\">\n\t\t\t\t\t<div class=\"e-con-inner\">\n\t\t\t\t<div class=\"elementor-element elementor-element-c581ffc elementor-widget elementor-widget-heading\" data-id=\"c581ffc\" data-element_type=\"widget\" data-e-type=\"widget\" data-widget_type=\"heading.default\">\n\t\t\t\t<div class=\"elementor-widget-container\">\n\t\t\t\t\t<h3 class=\"elementor-heading-title elementor-size-default\">Est-il possible d\u2019\u00eatre form\u00e9 au r\u00f4le d\u2019aidant ?<\/h3>\t\t\t\t<\/div>\n\t\t\t\t<\/div>\n\t\t\t\t\t<\/div>\n\t\t\t\t<\/div>\n\t\t<div class=\"elementor-element elementor-element-33bf0d4 e-flex e-con-boxed e-con e-parent\" data-id=\"33bf0d4\" data-element_type=\"container\" data-e-type=\"container\" data-settings=\"{&quot;jet_parallax_layout_list&quot;:[]}\">\n\t\t\t\t\t<div class=\"e-con-inner\">\n\t\t\t\t<div class=\"elementor-element elementor-element-210999a elementor-widget elementor-widget-text-editor\" data-id=\"210999a\" data-element_type=\"widget\" data-e-type=\"widget\" data-widget_type=\"text-editor.default\">\n\t\t\t\t<div class=\"elementor-widget-container\">\n\t\t\t\t\t\t\t\t\t<p>Oui, tout \u00e0 fait. Il existe de nombreuses formations gratuites ou financ\u00e9es \u00e0 destination des aidants familiaux. Ces formations, accessibles sans condition de statut ni de ressources, sont propos\u00e9es par des organismes publics, associations sp\u00e9cialis\u00e9es ou via des plateformes comme <a href=\"http:\/\/formation.aidants.fr\">formation.aidants.fr<\/a>.<br \/><br \/>Elles sont con\u00e7ues pour aider \u00e0 mieux comprendre le r\u00f4le d\u2019aidant\u2022e, adopter les bons gestes, g\u00e9rer les situations difficiles, et pr\u00e9server l\u2019\u00e9quilibre personnel.<br \/><br \/>Les formats sont flexibles : en ligne, en pr\u00e9sentiel, en sessions de groupe ou m\u00eame en ateliers de proximit\u00e9 propos\u00e9s localement (mairie, CCAS, <a href=\"https:\/\/mdphenligne.cnsa.fr\/\">MDPH<\/a>, etc.).<\/p>\t\t\t\t\t\t\t\t<\/div>\n\t\t\t\t<\/div>\n\t\t\t\t\t<\/div>\n\t\t\t\t<\/div>\n\t\t<div class=\"elementor-element elementor-element-cb86d5a e-flex e-con-boxed e-con e-parent\" data-id=\"cb86d5a\" data-element_type=\"container\" data-e-type=\"container\" data-settings=\"{&quot;jet_parallax_layout_list&quot;:[]}\">\n\t\t\t\t\t<div class=\"e-con-inner\">\n\t\t\t\t<div class=\"elementor-element elementor-element-8537481 elementor-widget elementor-widget-spacer\" data-id=\"8537481\" data-element_type=\"widget\" data-e-type=\"widget\" data-widget_type=\"spacer.default\">\n\t\t\t\t<div class=\"elementor-widget-container\">\n\t\t\t\t\t\t\t<div class=\"elementor-spacer\">\n\t\t\t<div class=\"elementor-spacer-inner\"><\/div>\n\t\t<\/div>\n\t\t\t\t\t\t<\/div>\n\t\t\t\t<\/div>\n\t\t\t\t\t<\/div>\n\t\t\t\t<\/div>\n\t\t<div class=\"elementor-element elementor-element-2b09445 e-flex e-con-boxed e-con e-parent\" data-id=\"2b09445\" data-element_type=\"container\" data-e-type=\"container\" data-settings=\"{&quot;jet_parallax_layout_list&quot;:[]}\">\n\t\t\t\t\t<div class=\"e-con-inner\">\n\t\t\t\t<div class=\"elementor-element elementor-element-bdeac1a elementor-widget elementor-widget-heading\" data-id=\"bdeac1a\" data-element_type=\"widget\" data-e-type=\"widget\" data-widget_type=\"heading.default\">\n\t\t\t\t<div class=\"elementor-widget-container\">\n\t\t\t\t\t<h3 class=\"elementor-heading-title elementor-size-default\">Quels sont les b\u00e9n\u00e9fices attendus ?<\/h3>\t\t\t\t<\/div>\n\t\t\t\t<\/div>\n\t\t\t\t\t<\/div>\n\t\t\t\t<\/div>\n\t\t<div class=\"elementor-element elementor-element-56e74ab e-flex e-con-boxed e-con e-parent\" data-id=\"56e74ab\" data-element_type=\"container\" data-e-type=\"container\" data-settings=\"{&quot;jet_parallax_layout_list&quot;:[]}\">\n\t\t\t\t\t<div class=\"e-con-inner\">\n\t\t\t\t<div class=\"elementor-element elementor-element-4e2f35b elementor-widget elementor-widget-text-editor\" data-id=\"4e2f35b\" data-element_type=\"widget\" data-e-type=\"widget\" data-widget_type=\"text-editor.default\">\n\t\t\t\t<div class=\"elementor-widget-container\">\n\t\t\t\t\t\t\t\t\t<p>Les formations apportent des b\u00e9n\u00e9fices concrets, \u00e0 la fois pour l\u2019aidant\u2022e et pour la personne aid\u00e9e. Voici les principaux effets constat\u00e9s :<br \/><br \/><\/p><ul><li>Moins de stress et une plus grande s\u00e9r\u00e9nit\u00e9 au quotidien.<\/li><li>Meilleure relation aidant\u2022e-aid\u00e9\u2022e, plus apais\u00e9e, gr\u00e2ce \u00e0 des outils de communication et de compr\u00e9hension.<\/li><li>Sentiment de comp\u00e9tence et de l\u00e9gitimit\u00e9 renforc\u00e9.<\/li><li>Pr\u00e9vention de l\u2019\u00e9puisement : l\u2019aidant\u2022e apprend \u00e0 poser ses limites et \u00e0 demander de l\u2019aide.<\/li><li>Reconnaissance sociale : se former, c\u2019est aussi faire reconna\u00eetre son engagement.<\/li><\/ul><p>En r\u00e9sum\u00e9, l\u2019aidant\u2022e ne subit plus son r\u00f4le, il ou elle devient acteur\u2022rice inform\u00e9\u2022e et mieux arm\u00e9\u2022e pour accompagner son ou sa proche sans s\u2019oublier.<\/p>\t\t\t\t\t\t\t\t<\/div>\n\t\t\t\t<\/div>\n\t\t\t\t\t<\/div>\n\t\t\t\t<\/div>\n\t\t<div class=\"elementor-element elementor-element-8c73622 e-flex e-con-boxed e-con e-parent\" data-id=\"8c73622\" data-element_type=\"container\" data-e-type=\"container\" data-settings=\"{&quot;jet_parallax_layout_list&quot;:[]}\">\n\t\t\t\t\t<div class=\"e-con-inner\">\n\t\t\t\t<div class=\"elementor-element elementor-element-25fd003 elementor-widget elementor-widget-spacer\" data-id=\"25fd003\" data-element_type=\"widget\" data-e-type=\"widget\" data-widget_type=\"spacer.default\">\n\t\t\t\t<div class=\"elementor-widget-container\">\n\t\t\t\t\t\t\t<div class=\"elementor-spacer\">\n\t\t\t<div class=\"elementor-spacer-inner\"><\/div>\n\t\t<\/div>\n\t\t\t\t\t\t<\/div>\n\t\t\t\t<\/div>\n\t\t\t\t\t<\/div>\n\t\t\t\t<\/div>\n\t\t<div class=\"elementor-element elementor-element-7e3510f e-flex e-con-boxed e-con e-parent\" data-id=\"7e3510f\" data-element_type=\"container\" data-e-type=\"container\" data-settings=\"{&quot;jet_parallax_layout_list&quot;:[]}\">\n\t\t\t\t\t<div class=\"e-con-inner\">\n\t\t\t\t<div class=\"elementor-element elementor-element-1da4639 elementor-widget elementor-widget-heading\" data-id=\"1da4639\" data-element_type=\"widget\" data-e-type=\"widget\" data-widget_type=\"heading.default\">\n\t\t\t\t<div class=\"elementor-widget-container\">\n\t\t\t\t\t<h3 class=\"elementor-heading-title elementor-size-default\">Existe-t-il des formations par pathologie ?<\/h3>\t\t\t\t<\/div>\n\t\t\t\t<\/div>\n\t\t\t\t\t<\/div>\n\t\t\t\t<\/div>\n\t\t<div class=\"elementor-element elementor-element-4962ede e-flex e-con-boxed e-con e-parent\" data-id=\"4962ede\" data-element_type=\"container\" data-e-type=\"container\" data-settings=\"{&quot;jet_parallax_layout_list&quot;:[]}\">\n\t\t\t\t\t<div class=\"e-con-inner\">\n\t\t\t\t<div class=\"elementor-element elementor-element-75f8c8d elementor-widget elementor-widget-text-editor\" data-id=\"75f8c8d\" data-element_type=\"widget\" data-e-type=\"widget\" data-widget_type=\"text-editor.default\">\n\t\t\t\t<div class=\"elementor-widget-container\">\n\t\t\t\t\t\t\t\t\t<p>Oui, il existe des formations sp\u00e9cialis\u00e9es selon la pathologie ou le handicap de la personne aid\u00e9e. Ces formations prennent en compte les sympt\u00f4mes, les comportements associ\u00e9s et les besoins sp\u00e9cifiques. Elles sont particuli\u00e8rement adapt\u00e9es aux situations complexes ou chroniques.<br \/><br \/>Par exemple, on trouve des programmes d\u00e9di\u00e9s \u00e0 :<br \/><br \/><\/p><ul><li><a href=\"https:\/\/www.pasteur.fr\/fr\/centre-medical\/fiches-maladies\/alzheimer-maladie\">Alzheimer<\/a> ou maladies apparent\u00e9es<\/li><li><a href=\"https:\/\/www.inserm.fr\/dossier\/parkinson-maladie\/\">Parkinson<\/a><\/li><li>Autisme<\/li><li><a href=\"https:\/\/www.inserm.fr\/dossier\/sclerose-en-plaques-sep\/\">Scl\u00e9rose en plaques<\/a><\/li><li>Handicap moteur ou psychique<\/li><li>Maladies chroniques (diab\u00e8te, AVC, cancer&#8230;)<\/li><\/ul><p>Ces formations aidant familial sont souvent co anim\u00e9es par des professionnel\u2022les de sant\u00e9 (ergoth\u00e9rapeutes, psychologues, etc.) et peuvent int\u00e9grer l\u2019usage d\u2019aides techniques. Elles sont disponibles en ligne ou en pr\u00e9sentiel, selon les d\u00e9partements.<\/p>\t\t\t\t\t\t\t\t<\/div>\n\t\t\t\t<\/div>\n\t\t\t\t\t<\/div>\n\t\t\t\t<\/div>\n\t\t<div class=\"elementor-element elementor-element-5d555f7 e-flex e-con-boxed e-con e-parent\" data-id=\"5d555f7\" data-element_type=\"container\" data-e-type=\"container\" data-settings=\"{&quot;jet_parallax_layout_list&quot;:[]}\">\n\t\t\t\t\t<div class=\"e-con-inner\">\n\t\t\t\t<div class=\"elementor-element elementor-element-33b22d6 elementor-widget elementor-widget-spacer\" data-id=\"33b22d6\" data-element_type=\"widget\" data-e-type=\"widget\" data-widget_type=\"spacer.default\">\n\t\t\t\t<div class=\"elementor-widget-container\">\n\t\t\t\t\t\t\t<div class=\"elementor-spacer\">\n\t\t\t<div class=\"elementor-spacer-inner\"><\/div>\n\t\t<\/div>\n\t\t\t\t\t\t<\/div>\n\t\t\t\t<\/div>\n\t\t\t\t<div class=\"elementor-element elementor-element-5f6677f elementor-widget elementor-widget-html\" data-id=\"5f6677f\" data-element_type=\"widget\" data-e-type=\"widget\" data-widget_type=\"html.default\">\n\t\t\t\t<div class=\"elementor-widget-container\">\n\t\t\t\t\t<script type=\"application\/ld+json\">\r\n{\r\n  \"@context\": \"https:\/\/schema.org\",\r\n  \"@graph\": [\r\n    {\r\n      \"@type\": \"WebPage\",\r\n      \"@id\": \"https:\/\/orthopus.com\/fr\/aidant\/aidant-formation-aidant-familial\/\",\r\n      \"url\": \"https:\/\/orthopus.com\/fr\/aidant\/aidant-formation-aidant-familial\/\",\r\n      \"name\": \"Formation aidant familial : comprendre, choisir et b\u00e9n\u00e9ficier d\u2019un accompagnement adapt\u00e9\",\r\n      \"inLanguage\": \"fr-FR\",\r\n      \"description\": \"D\u00e9finir le r\u00f4le d\u2019aidant familial, comprendre les enjeux d\u2019une formation adapt\u00e9e, conna\u00eetre les formats (en ligne, pr\u00e9sentiel), les aides disponibles et les modules principaux.\",\r\n      \"isPartOf\": { \"@id\": \"https:\/\/orthopus.com\/fr\/\" },\r\n      \"mainEntity\": { \"@id\": \"https:\/\/orthopus.com\/fr\/aidant\/aidant-formation-aidant-familial\/\" },\r\n      \"hasPart\": { \"@id\": \"https:\/\/orthopus.com\/fr\/aidant\/aidant-formation-aidant-familial\/\" }\r\n    },\r\n\r\n    {\r\n      \"@type\": \"Article\",\r\n      \"@id\": \"https:\/\/orthopus.com\/fr\/aidant\/aidant-formation-aidant-familial\/\",\r\n      \"headline\": \"Formation aidant familial : comprendre, choisir et b\u00e9n\u00e9ficier d\u2019un accompagnement adapt\u00e9\",\r\n      \"description\": \"Pourquoi et comment se former en tant qu\u2019aidant familial : formats, contenus, aides financi\u00e8res et b\u00e9n\u00e9fices concrets pour les aidants et leurs proches.\",\r\n      \"inLanguage\": \"fr-FR\",\r\n      \"isAccessibleForFree\": true,\r\n      \"datePublished\": \"2025-08-25\",\r\n      \"mainEntityOfPage\": { \"@id\": \"https:\/\/orthopus.com\/fr\/aidant\/aidant-formation-aidant-familial\/\" },\r\n      \"image\": { \"@id\": \"https:\/\/orthopus.com\/fr\/aidant\/aidant-formation-aidant-familial\/\" },\r\n      \"articleSection\": [\r\n        \"D\u00e9finition du r\u00f4le d\u2019aidant familial\",\r\n        \"Pourquoi suivre une formation\",\r\n        \"Modalit\u00e9s et organisation (en ligne, pr\u00e9sentiel)\",\r\n        \"Co\u00fbts, prises en charge et aides\",\r\n        \"Contenus et modules principaux\",\r\n        \"Formations sp\u00e9cialis\u00e9es par pathologie\",\r\n        \"Acteurs et plateformes pour se former\",\r\n        \"B\u00e9n\u00e9fices concrets pour les aidants\"\r\n      ],\r\n      \"about\": [\r\n        \"Aidant familial\",\r\n        \"Formation aidants\",\r\n        \"Droit au r\u00e9pit\",\r\n        \"MDPH\",\r\n        \"CNSA\",\r\n        \"ARS\",\r\n        \"Aides techniques\"\r\n      ],\r\n      \"author\": { \"@id\": \"https:\/\/orthopus.com\/fr\/\" },\r\n      \"publisher\": { \"@id\": \"https:\/\/orthopus.com\/fr\/\" }\r\n    },\r\n\r\n    {\r\n      \"@type\": \"FAQPage\",\r\n      \"@id\": \"https:\/\/orthopus.com\/fr\/aidant\/aidant-formation-aidant-familial\/\",\r\n      \"inLanguage\": \"fr-FR\",\r\n      \"mainEntity\": [\r\n        {\r\n          \"@type\": \"Question\",\r\n          \"name\": \"Est-il possible d\u2019\u00eatre form\u00e9 au r\u00f4le d\u2019aidant ?\",\r\n          \"acceptedAnswer\": {\r\n            \"@type\": \"Answer\",\r\n            \"text\": \"Oui. De nombreuses formations gratuites ou financ\u00e9es existent pour les aidants familiaux, propos\u00e9es par des organismes publics, des associations et des plateformes d\u00e9di\u00e9es. Elles sont accessibles sans condition de statut ni de ressources, en ligne ou en pr\u00e9sentiel, souvent en sessions courtes et flexibles.\"\r\n          }\r\n        },\r\n        {\r\n          \"@type\": \"Question\",\r\n          \"name\": \"Quels sont les b\u00e9n\u00e9fices attendus d\u2019une formation d\u2019aidant ?\",\r\n          \"acceptedAnswer\": {\r\n            \"@type\": \"Answer\",\r\n            \"text\": \"Moins de stress et plus de s\u00e9r\u00e9nit\u00e9, meilleure relation aidant\u2022e\u2013aid\u00e9\u2022e, sentiment de comp\u00e9tence renforc\u00e9, pr\u00e9vention de l\u2019\u00e9puisement gr\u00e2ce \u00e0 l\u2019apprentissage des limites et \u00e0 la demande d\u2019aide, et reconnaissance sociale du r\u00f4le d\u2019aidant.\"\r\n          }\r\n        },\r\n        {\r\n          \"@type\": \"Question\",\r\n          \"name\": \"Existe-t-il des formations par pathologie ?\",\r\n          \"acceptedAnswer\": {\r\n            \"@type\": \"Answer\",\r\n            \"text\": \"Oui. Des programmes sp\u00e9cialis\u00e9s (Alzheimer, Parkinson, autisme, scl\u00e9rose en plaques, handicap moteur ou psychique, maladies chroniques comme AVC, cancer, diab\u00e8te, etc.) proposent des contenus adapt\u00e9s aux sympt\u00f4mes, aux besoins sp\u00e9cifiques et \u00e0 l\u2019usage d\u2019aides techniques. Ils sont souvent coanim\u00e9s par des professionnels de sant\u00e9.\"\r\n          }\r\n        }\r\n      ]\r\n    },\r\n\r\n    {\r\n      \"@type\": \"Organization\",\r\n      \"@id\": \"https:\/\/orthopus.com\/fr\/\",\r\n      \"name\": \"Orthopus\",\r\n      \"url\": \"https:\/\/orthopus.com\/fr\/\",\r\n    \r\n      ]\r\n    },\r\n\r\n    {\r\n      \"@type\": \"WebSite\",\r\n      \"@id\": \"https:\/\/orthopus.com\/fr\/\",\r\n      \"name\": \"Orthopus\",\r\n      \"url\": \"https:\/\/orthopus.com\/fr\/\",\r\n      \"inLanguage\": \"fr-FR\",\r\n      \"publisher\": { \"@id\": \"https:\/\/orthopus.com\/fr\/\" }\r\n    }\r\n  ]\r\n}\r\n<\/script>\r\n\t\t\t\t<\/div>\n\t\t\t\t<\/div>\n\t\t\t\t\t<\/div>\n\t\t\t\t<\/div>\n\t\t<div class=\"elementor-element elementor-element-5fd7f54 e-flex e-con-boxed e-con e-parent\" data-id=\"5fd7f54\" data-element_type=\"container\" data-e-type=\"container\" data-settings=\"{&quot;jet_parallax_layout_list&quot;:[]}\">\n\t\t\t\t\t<div class=\"e-con-inner\">\n\t\t\t\t<div class=\"elementor-element elementor-element-f93607d elementor-widget elementor-widget-heading\" data-id=\"f93607d\" data-element_type=\"widget\" data-e-type=\"widget\" data-widget_type=\"heading.default\">\n\t\t\t\t<div class=\"elementor-widget-container\">\n\t\t\t\t\t<h2 class=\"elementor-heading-title elementor-size-default\">Sources :<\/h2>\t\t\t\t<\/div>\n\t\t\t\t<\/div>\n\t\t\t\t\t<\/div>\n\t\t\t\t<\/div>\n\t\t<div class=\"elementor-element elementor-element-a3d20e4 e-flex e-con-boxed e-con e-parent\" data-id=\"a3d20e4\" data-element_type=\"container\" data-e-type=\"container\" data-settings=\"{&quot;jet_parallax_layout_list&quot;:[]}\">\n\t\t\t\t\t<div class=\"e-con-inner\">\n\t\t\t\t<div class=\"elementor-element elementor-element-94b077c elementor-widget elementor-widget-text-editor\" data-id=\"94b077c\" data-element_type=\"widget\" data-e-type=\"widget\" data-widget_type=\"text-editor.default\">\n\t\t\t\t<div class=\"elementor-widget-container\">\n\t\t\t\t\t\t\t\t\t<ul>\n \t<li><a href=\"https:\/\/www.aidants.fr\/fonds-documentaire\/dossiers-thematiques\/reconnaissance\/#:~:text=Les%20aidants%2C%20un%20sujet%20qui,d'aidants%20dans%20notre%20pays%20!\" rel=\"nofollow\">https:\/\/www.aidants.fr\/fonds-documentaire\/dossiers-thematiques\/reconnaissance\/#:~:text=Les%20aidants%2C%20un%20sujet%20qui,d&#8217;aidants%20dans%20notre%20pays%20! <\/a><\/li>\n \t<li><a href=\"https:\/\/youtu.be\/bFE7a33FWLM\" rel=\"nofollow\">https:\/\/youtu.be\/bFE7a33FWLM<\/a><\/li>\n \t<li><a href=\"https:\/\/jaidejemevalue.fr\/\" rel=\"nofollow\">https:\/\/jaidejemevalue.fr\/<\/a><\/li>\n \t<li><a href=\"https:\/\/www.legifrance.gouv.fr\/codes\/texte_lc\/LEGITEXT000006072665\/\" rel=\"nofollow\">https:\/\/www.legifrance.gouv.fr\/codes\/texte_lc\/LEGITEXT000006072665\/ <\/a><\/li>\n \t<li><a href=\"https:\/\/www.aidants.fr\/\" rel=\"nofollow\">https:\/\/www.aidants.fr\/ <\/a><\/li>\n \t<li><a href=\"https:\/\/cif-aidants.com\/\" rel=\"nofollow\">https:\/\/cif-aidants.com\/<\/a><\/li>\n \t<li><a href=\"https:\/\/www.pour-les-personnes-agees.gouv.fr\/solutions-pour-les-aidants\/soutien-financier\/l-aide-au-repit-dans-le-cadre-de-l-apa\" rel=\"nofollow\">https:\/\/www.pour-les-personnes-agees.gouv.fr\/solutions-pour-les-aidants\/soutien-financier\/l-aide-au-repit-dans-le-cadre-de-l-apa <\/a><\/li>\n \t<li><a href=\"https:\/\/www.monparcourshandicap.gouv.fr\/aidant\/les-solutions-de-repit-pour-les-aidants\" rel=\"nofollow\">https:\/\/www.monparcourshandicap.gouv.fr\/aidant\/les-solutions-de-repit-pour-les-aidants <\/a><\/li>\n \t<li><a href=\"https:\/\/www.aidants.fr\/vous-etes-professionnel\/participer-a-une-formation\/catalogue-des-formations\/\" rel=\"nofollow\">https:\/\/www.aidants.fr\/vous-etes-professionnel\/participer-a-une-formation\/catalogue-des-formations\/ <\/a><\/li>\n \t<li><a href=\"https:\/\/formation.aidants.fr\/\" rel=\"nofollow\">https:\/\/formation.aidants.fr\/ <\/a><\/li>\n<\/ul>\n\t\t\t\t\t\t\t\t<\/div>\n\t\t\t\t<\/div>\n\t\t\t\t\t<\/div>\n\t\t\t\t<\/div>\n\t\t\t\t<\/div>\n\t\t","protected":false},"excerpt":{"rendered":"<p>Formation aidant familial : comprendre, choisir et b\u00e9n\u00e9ficier d\u2019un accompagnement adapt\u00e9 D\u00e9finir le r\u00f4le d\u2019aidant familial et les enjeux d\u2019une formation adapt\u00e9e Si vous \u00eates d\u00e9j\u00e0 pass\u00e9 \u00e0 Paris, dans le quartier de Montmartre, vous avez s\u00fbrement aper\u00e7u la fameuse statue unique en son genre qu\u2019est celle du Passe-Muraille.<\/p>\n","protected":false},"author":15,"featured_media":0,"parent":16573,"menu_order":0,"comment_status":"closed","ping_status":"closed","template":"","meta":{"_jet_sm_ready_style":"","_jet_sm_style":"","_jet_sm_controls_values":"","_jet_sm_fonts_collection":"","_jet_sm_fonts_links":"","footnotes":""},"class_list":["post-17458","page","type-page","status-publish","hentry"],"yoast_head":"<!-- This site is optimized with the Yoast SEO plugin v27.4 - https:\/\/yoast.com\/product\/yoast-seo-wordpress\/ -->\n<title>Formation Aidant Familial : comprendre, choisir et se former<\/title>\n<meta name=\"description\" content=\"D\u00e9couvrez comment une formation aidant familial vous aide \u00e0 mieux accompagner vos proches, pr\u00e9server votre sant\u00e9 et gagner en confiance au quotidien.\" \/>\n<meta name=\"robots\" content=\"index, follow, max-snippet:-1, max-image-preview:large, max-video-preview:-1\" \/>\n<link rel=\"canonical\" href=\"https:\/\/orthopus.com\/fr\/aidant\/aidant-formation-aidant-familial\/\" \/>\n<meta property=\"og:locale\" content=\"fr_FR\" \/>\n<meta property=\"og:type\" content=\"article\" \/>\n<meta property=\"og:title\" content=\"Formation Aidant Familial : comprendre, choisir et se former\" \/>\n<meta property=\"og:description\" content=\"D\u00e9couvrez comment une formation aidant familial vous aide \u00e0 mieux accompagner vos proches, pr\u00e9server votre sant\u00e9 et gagner en confiance au quotidien.\" \/>\n<meta property=\"og:url\" content=\"https:\/\/orthopus.com\/fr\/aidant\/aidant-formation-aidant-familial\/\" \/>\n<meta property=\"og:site_name\" content=\"ORTHOPUS\" \/>\n<meta property=\"article:modified_time\" content=\"2025-09-02T15:25:39+00:00\" \/>\n<meta property=\"og:image\" content=\"https:\/\/orthopus.com\/wp-content\/plugins\/elementor\/assets\/images\/placeholder.png\" \/>\n<meta name=\"twitter:card\" content=\"summary_large_image\" \/>\n<meta name=\"twitter:label1\" content=\"Dur\u00e9e de lecture estim\u00e9e\" \/>\n\t<meta name=\"twitter:data1\" content=\"14 minutes\" \/>\n<script type=\"application\/ld+json\" class=\"yoast-schema-graph\">{\"@context\":\"https:\\\/\\\/schema.org\",\"@graph\":[{\"@type\":\"WebPage\",\"@id\":\"https:\\\/\\\/orthopus.com\\\/fr\\\/aidant\\\/aidant-formation-aidant-familial\\\/\",\"url\":\"https:\\\/\\\/orthopus.com\\\/fr\\\/aidant\\\/aidant-formation-aidant-familial\\\/\",\"name\":\"Formation Aidant Familial : comprendre, choisir et se former\",\"isPartOf\":{\"@id\":\"https:\\\/\\\/orthopus.com\\\/#website\"},\"primaryImageOfPage\":{\"@id\":\"https:\\\/\\\/orthopus.com\\\/fr\\\/aidant\\\/aidant-formation-aidant-familial\\\/#primaryimage\"},\"image\":{\"@id\":\"https:\\\/\\\/orthopus.com\\\/fr\\\/aidant\\\/aidant-formation-aidant-familial\\\/#primaryimage\"},\"thumbnailUrl\":\"https:\\\/\\\/orthopus.com\\\/wp-content\\\/plugins\\\/elementor\\\/assets\\\/images\\\/placeholder.png\",\"datePublished\":\"2025-08-25T15:01:19+00:00\",\"dateModified\":\"2025-09-02T15:25:39+00:00\",\"description\":\"D\u00e9couvrez comment une formation aidant familial vous aide \u00e0 mieux accompagner vos proches, pr\u00e9server votre sant\u00e9 et gagner en confiance au quotidien.\",\"breadcrumb\":{\"@id\":\"https:\\\/\\\/orthopus.com\\\/fr\\\/aidant\\\/aidant-formation-aidant-familial\\\/#breadcrumb\"},\"inLanguage\":\"fr-FR\",\"potentialAction\":[{\"@type\":\"ReadAction\",\"target\":[\"https:\\\/\\\/orthopus.com\\\/fr\\\/aidant\\\/aidant-formation-aidant-familial\\\/\"]}]},{\"@type\":\"ImageObject\",\"inLanguage\":\"fr-FR\",\"@id\":\"https:\\\/\\\/orthopus.com\\\/fr\\\/aidant\\\/aidant-formation-aidant-familial\\\/#primaryimage\",\"url\":\"https:\\\/\\\/orthopus.com\\\/wp-content\\\/plugins\\\/elementor\\\/assets\\\/images\\\/placeholder.png\",\"contentUrl\":\"https:\\\/\\\/orthopus.com\\\/wp-content\\\/plugins\\\/elementor\\\/assets\\\/images\\\/placeholder.png\"},{\"@type\":\"BreadcrumbList\",\"@id\":\"https:\\\/\\\/orthopus.com\\\/fr\\\/aidant\\\/aidant-formation-aidant-familial\\\/#breadcrumb\",\"itemListElement\":[{\"@type\":\"ListItem\",\"position\":1,\"name\":\"Accueil\",\"item\":\"https:\\\/\\\/orthopus.com\\\/fr\\\/\"},{\"@type\":\"ListItem\",\"position\":2,\"name\":\"Aidant\",\"item\":\"https:\\\/\\\/orthopus.com\\\/fr\\\/aidant\\\/\"},{\"@type\":\"ListItem\",\"position\":3,\"name\":\"Formation Aidant Familial : comprendre, choisir et se former\"}]},{\"@type\":\"WebSite\",\"@id\":\"https:\\\/\\\/orthopus.com\\\/#website\",\"url\":\"https:\\\/\\\/orthopus.com\\\/\",\"name\":\"ORTHOPUS\",\"description\":\"Handitech solutions for everyone\",\"publisher\":{\"@id\":\"https:\\\/\\\/orthopus.com\\\/#organization\"},\"potentialAction\":[{\"@type\":\"SearchAction\",\"target\":{\"@type\":\"EntryPoint\",\"urlTemplate\":\"https:\\\/\\\/orthopus.com\\\/?s={search_term_string}\"},\"query-input\":{\"@type\":\"PropertyValueSpecification\",\"valueRequired\":true,\"valueName\":\"search_term_string\"}}],\"inLanguage\":\"fr-FR\"},{\"@type\":\"Organization\",\"@id\":\"https:\\\/\\\/orthopus.com\\\/#organization\",\"name\":\"ORTHOPUS\",\"url\":\"https:\\\/\\\/orthopus.com\\\/\",\"logo\":{\"@type\":\"ImageObject\",\"inLanguage\":\"fr-FR\",\"@id\":\"https:\\\/\\\/orthopus.com\\\/#\\\/schema\\\/logo\\\/image\\\/\",\"url\":\"https:\\\/\\\/orthopus.com\\\/wp-content\\\/uploads\\\/2020\\\/04\\\/Logo-ORTHOPUS-support-de-bras-personnalisable.png\",\"contentUrl\":\"https:\\\/\\\/orthopus.com\\\/wp-content\\\/uploads\\\/2020\\\/04\\\/Logo-ORTHOPUS-support-de-bras-personnalisable.png\",\"width\":416,\"height\":98,\"caption\":\"ORTHOPUS\"},\"image\":{\"@id\":\"https:\\\/\\\/orthopus.com\\\/#\\\/schema\\\/logo\\\/image\\\/\"}}]}<\/script>\n<!-- \/ Yoast SEO plugin. -->","yoast_head_json":{"title":"Formation Aidant Familial : comprendre, choisir et se former","description":"D\u00e9couvrez comment une formation aidant familial vous aide \u00e0 mieux accompagner vos proches, pr\u00e9server votre sant\u00e9 et gagner en confiance au quotidien.","robots":{"index":"index","follow":"follow","max-snippet":"max-snippet:-1","max-image-preview":"max-image-preview:large","max-video-preview":"max-video-preview:-1"},"canonical":"https:\/\/orthopus.com\/fr\/aidant\/aidant-formation-aidant-familial\/","og_locale":"fr_FR","og_type":"article","og_title":"Formation Aidant Familial : comprendre, choisir et se former","og_description":"D\u00e9couvrez comment une formation aidant familial vous aide \u00e0 mieux accompagner vos proches, pr\u00e9server votre sant\u00e9 et gagner en confiance au quotidien.","og_url":"https:\/\/orthopus.com\/fr\/aidant\/aidant-formation-aidant-familial\/","og_site_name":"ORTHOPUS","article_modified_time":"2025-09-02T15:25:39+00:00","og_image":[{"url":"https:\/\/orthopus.com\/wp-content\/plugins\/elementor\/assets\/images\/placeholder.png","type":"","width":"","height":""}],"twitter_card":"summary_large_image","twitter_misc":{"Dur\u00e9e de lecture estim\u00e9e":"14 minutes"},"schema":{"@context":"https:\/\/schema.org","@graph":[{"@type":"WebPage","@id":"https:\/\/orthopus.com\/fr\/aidant\/aidant-formation-aidant-familial\/","url":"https:\/\/orthopus.com\/fr\/aidant\/aidant-formation-aidant-familial\/","name":"Formation Aidant Familial : comprendre, choisir et se former","isPartOf":{"@id":"https:\/\/orthopus.com\/#website"},"primaryImageOfPage":{"@id":"https:\/\/orthopus.com\/fr\/aidant\/aidant-formation-aidant-familial\/#primaryimage"},"image":{"@id":"https:\/\/orthopus.com\/fr\/aidant\/aidant-formation-aidant-familial\/#primaryimage"},"thumbnailUrl":"https:\/\/orthopus.com\/wp-content\/plugins\/elementor\/assets\/images\/placeholder.png","datePublished":"2025-08-25T15:01:19+00:00","dateModified":"2025-09-02T15:25:39+00:00","description":"D\u00e9couvrez comment une formation aidant familial vous aide \u00e0 mieux accompagner vos proches, pr\u00e9server votre sant\u00e9 et gagner en confiance au quotidien.","breadcrumb":{"@id":"https:\/\/orthopus.com\/fr\/aidant\/aidant-formation-aidant-familial\/#breadcrumb"},"inLanguage":"fr-FR","potentialAction":[{"@type":"ReadAction","target":["https:\/\/orthopus.com\/fr\/aidant\/aidant-formation-aidant-familial\/"]}]},{"@type":"ImageObject","inLanguage":"fr-FR","@id":"https:\/\/orthopus.com\/fr\/aidant\/aidant-formation-aidant-familial\/#primaryimage","url":"https:\/\/orthopus.com\/wp-content\/plugins\/elementor\/assets\/images\/placeholder.png","contentUrl":"https:\/\/orthopus.com\/wp-content\/plugins\/elementor\/assets\/images\/placeholder.png"},{"@type":"BreadcrumbList","@id":"https:\/\/orthopus.com\/fr\/aidant\/aidant-formation-aidant-familial\/#breadcrumb","itemListElement":[{"@type":"ListItem","position":1,"name":"Accueil","item":"https:\/\/orthopus.com\/fr\/"},{"@type":"ListItem","position":2,"name":"Aidant","item":"https:\/\/orthopus.com\/fr\/aidant\/"},{"@type":"ListItem","position":3,"name":"Formation Aidant Familial : comprendre, choisir et se former"}]},{"@type":"WebSite","@id":"https:\/\/orthopus.com\/#website","url":"https:\/\/orthopus.com\/","name":"ORTHOPUS","description":"Handitech solutions for everyone","publisher":{"@id":"https:\/\/orthopus.com\/#organization"},"potentialAction":[{"@type":"SearchAction","target":{"@type":"EntryPoint","urlTemplate":"https:\/\/orthopus.com\/?s={search_term_string}"},"query-input":{"@type":"PropertyValueSpecification","valueRequired":true,"valueName":"search_term_string"}}],"inLanguage":"fr-FR"},{"@type":"Organization","@id":"https:\/\/orthopus.com\/#organization","name":"ORTHOPUS","url":"https:\/\/orthopus.com\/","logo":{"@type":"ImageObject","inLanguage":"fr-FR","@id":"https:\/\/orthopus.com\/#\/schema\/logo\/image\/","url":"https:\/\/orthopus.com\/wp-content\/uploads\/2020\/04\/Logo-ORTHOPUS-support-de-bras-personnalisable.png","contentUrl":"https:\/\/orthopus.com\/wp-content\/uploads\/2020\/04\/Logo-ORTHOPUS-support-de-bras-personnalisable.png","width":416,"height":98,"caption":"ORTHOPUS"},"image":{"@id":"https:\/\/orthopus.com\/#\/schema\/logo\/image\/"}}]}},"_links":{"self":[{"href":"https:\/\/orthopus.com\/fr\/wp-json\/wp\/v2\/pages\/17458","targetHints":{"allow":["GET"]}}],"collection":[{"href":"https:\/\/orthopus.com\/fr\/wp-json\/wp\/v2\/pages"}],"about":[{"href":"https:\/\/orthopus.com\/fr\/wp-json\/wp\/v2\/types\/page"}],"author":[{"embeddable":true,"href":"https:\/\/orthopus.com\/fr\/wp-json\/wp\/v2\/users\/15"}],"replies":[{"embeddable":true,"href":"https:\/\/orthopus.com\/fr\/wp-json\/wp\/v2\/comments?post=17458"}],"version-history":[{"count":17,"href":"https:\/\/orthopus.com\/fr\/wp-json\/wp\/v2\/pages\/17458\/revisions"}],"predecessor-version":[{"id":17873,"href":"https:\/\/orthopus.com\/fr\/wp-json\/wp\/v2\/pages\/17458\/revisions\/17873"}],"up":[{"embeddable":true,"href":"https:\/\/orthopus.com\/fr\/wp-json\/wp\/v2\/pages\/16573"}],"wp:attachment":[{"href":"https:\/\/orthopus.com\/fr\/wp-json\/wp\/v2\/media?parent=17458"}],"curies":[{"name":"wp","href":"https:\/\/api.w.org\/{rel}","templated":true}]}}